{"id":11755,"date":"2025-06-11T18:01:31","date_gmt":"2025-06-11T16:01:31","guid":{"rendered":"https:\/\/www.edav.es\/evento-one-to-one-xi-edicion\/"},"modified":"2025-06-20T13:37:07","modified_gmt":"2025-06-20T11:37:07","slug":"evento-one-to-one-xi-edicion","status":"publish","type":"page","link":"https:\/\/www.edav.es\/es\/evento-one-to-one-xi-edicion\/","title":{"rendered":"EVENTO ONE TO ONE XI EDICI\u00d3N"},"content":{"rendered":"<div class=\"gb-container gb-container-45e78207\">\n\n<p>En esta edici\u00f3n del One to One ya tenemos la confirmaci\u00f3n de los ejecutivos de televisiones y productores del Estado Espa\u00f1ol que participar\u00e1n en el pitch y las reuniones uno a uno para conocer proyectos en desarrollo. En esta secci\u00f3n encontrar\u00e1s toda la informaci\u00f3n relevante sobre cada una de las productoras participantes, as\u00ed como de sus representantes. El contenido est\u00e1 organizado alfab\u00e9ticamente seg\u00fan el nombre de la empresa, para que puedas localizar de forma r\u00e1pida y sencilla a cada profesional y entidad.  <\/p>\n\n<\/div><div class=\"gb-grid-wrapper gb-grid-wrapper-10012993\">\n<div class=\"gb-grid-column gb-grid-column-d97a0bf2\"><div class=\"gb-container gb-container-d97a0bf2\">\n\n<figure class=\"wp-block-image size-full\"><img loading=\"lazy\" decoding=\"async\" width=\"700\" height=\"769\" src=\"https:\/\/www.edav.es\/wp-content\/uploads\/2025\/06\/one-to-one-Andrea-Mateu-Aire-de-cinema-2.jpg\" alt=\"Andrea Mateu Rodriguez\" class=\"wp-image-11700\" srcset=\"https:\/\/www.edav.es\/wp-content\/uploads\/2025\/06\/one-to-one-Andrea-Mateu-Aire-de-cinema-2.jpg 700w, https:\/\/www.edav.es\/wp-content\/uploads\/2025\/06\/one-to-one-Andrea-Mateu-Aire-de-cinema-2-273x300.jpg 273w\" sizes=\"auto, (max-width: 700px) 100vw, 700px\" \/><\/figure>\n\n<\/div><\/div>\n\n<div class=\"gb-grid-column gb-grid-column-454ff94f\"><div class=\"gb-container gb-container-454ff94f\">\n\n<h2 class=\"gb-headline gb-headline-76d76891 gb-headline-text\">Andrea Mateu Rodriguez<\/h2>\n\n\n\n<p class=\"gb-headline gb-headline-194631b9 gb-headline-text\">Productora Ejecutiva Junior<\/p>\n\n\n\n<p>Andrea Mateu (Valencia, 1999) es graduada en Comunicaci\u00f3n Audiovisual por la Universidad de Valencia y tiene un m\u00e1ster en Producci\u00f3n Ejecutiva Internacional de Cine y Televisi\u00f3n por el Instituto de Cine de Madrid. Ha trabajado en producci\u00f3n de proyectos de ficci\u00f3n y documental, destacando como jefa de producci\u00f3n en el cortometraje <em>Sangr\u00eda<\/em>, seleccionado en el March\u00e9 du Film de Cannes 2023, y en <em>Una Terapia de Mierda<\/em>, nominado a los Goya 2024. En 2023 debuta como directora de producci\u00f3n con <em>Hasta \u00daltima Hora<\/em> y en 2024 repite con <em>Circus<\/em> (ESCAC Films) y <em>Videoclub 2001<\/em>, de Guillermo Polo. Ha coordinado producci\u00f3n en el largometraje <em>Peque\u00f1os Calvarios<\/em>, estrenado en el Festival de M\u00e1laga 2025, y ha sido ayudante de producci\u00f3n en <em>Cowgirl<\/em> y <em>T\u00f3xico<\/em>. En 2024 es seleccionada como productora en CIMA IMPULSA con el documental <em>Las brujas que no pudiste quemar<\/em>, de Mar Castel. Actualmente trabaja en Aire de Cinema como productora ejecutiva junior.     <\/p>\n\n\n\n<h3 class=\"gb-headline gb-headline-887c9d12 gb-headline-text\">Aire de Cinema<\/h3>\n\n\n\n<p>Aire de Cinema nace en 2001 con el documental <em>Green Paradise, la California Europea<\/em>. En 2012 produce <em>Hidr\u00f3lisis<\/em>, seleccionado en Curts\u201912 del IVAC. En 2013, el corto <em>Tagomago<\/em> gana premios y se proyecta en m\u00e1s de 30 festivales. En 2015 estrena <em>Ovidi, el Making of&#8230;<\/em>, coproducido con Diagonal TV, presentado en el Festival de M\u00e1laga y emitido en TV3. En 2023 lanza <em>H\u00e0bitat<\/em>, de Elena Escura, premiado con el Berlanga al Mejor Corto Valenciano, y la segunda temporada de la serie <em>CCCC Stories<\/em>. En 2024 produce <em>L\u2019\u00e0via i el foraster<\/em>, dirigida por Sergi Miralles y coproducida con Alhena, ganadora de cuatro premios en el Festival de Alicante y la pel\u00edcula en valenciano m\u00e1s vista en cines. Tambi\u00e9n estrena <em>C\u00f2lera<\/em>, de Jose Lu\u00eds L\u00e1zaro. En 2025 iniciar\u00e1 su recorrido por festivales y producir\u00e1 un nuevo corto de Escura con el apoyo del IVC y \u00c0 Punt.       <\/p>\n\n\n\n<p class=\"gb-headline gb-headline-c12fe857\"><span class=\"gb-icon\"><svg xmlns=\"http:\/\/www.w3.org\/2000\/svg\" aria-hidden=\"true\" role=\"img\" height=\"1em\" width=\"1em\" viewbox=\"0 0 384 512\"><path fill=\"currentColor\" d=\"M172.268 501.67C26.97 291.031 0 269.413 0 192 0 85.961 85.961 0 192 0s192 85.961 192 192c0 77.413-26.97 99.031-172.268 309.67-9.535 13.774-29.93 13.773-39.464 0zM192 272c44.183 0 80-35.817 80-80s-35.817-80-80-80-80 35.817-80 80 35.817 80 80 80z\"><\/path><\/svg><\/span><span class=\"gb-headline-text\"><span class=\"gb-headline-text\">Val\u00e8ncia<\/span><\/span><\/p>\n\n\n\n<p class=\"gb-headline gb-headline-35d134fb\"><span class=\"gb-icon\"><svg xmlns=\"http:\/\/www.w3.org\/2000\/svg\" class=\"bi bi-globe2\" fill=\"currentColor\" height=\"16\" width=\"16\">   <path d=\"M0 8a8 8 0 1 1 16 0A8 8 0 0 1 0 8m7.5-6.923c-.67.204-1.335.82-1.887 1.855q-.215.403-.395.872c.705.157 1.472.257 2.282.287zM4.249 3.539q.214-.577.481-1.078a7 7 0 0 1 .597-.933A7 7 0 0 0 3.051 3.05q.544.277 1.198.49zM3.509 7.5c.036-1.07.188-2.087.436-3.008a9 9 0 0 1-1.565-.667A6.96 6.96 0 0 0 1.018 7.5zm1.4-2.741a12.3 12.3 0 0 0-.4 2.741H7.5V5.091c-.91-.03-1.783-.145-2.591-.332M8.5 5.09V7.5h2.99a12.3 12.3 0 0 0-.399-2.741c-.808.187-1.681.301-2.591.332zM4.51 8.5c.035.987.176 1.914.399 2.741A13.6 13.6 0 0 1 7.5 10.91V8.5zm3.99 0v2.409c.91.03 1.783.145 2.591.332.223-.827.364-1.754.4-2.741zm-3.282 3.696q.18.469.395.872c.552 1.035 1.218 1.65 1.887 1.855V11.91c-.81.03-1.577.13-2.282.287zm.11 2.276a7 7 0 0 1-.598-.933 9 9 0 0 1-.481-1.079 8.4 8.4 0 0 0-1.198.49 7 7 0 0 0 2.276 1.522zm-1.383-2.964A13.4 13.4 0 0 1 3.508 8.5h-2.49a6.96 6.96 0 0 0 1.362 3.675c.47-.258.995-.482 1.565-.667m6.728 2.964a7 7 0 0 0 2.275-1.521 8.4 8.4 0 0 0-1.197-.49 9 9 0 0 1-.481 1.078 7 7 0 0 1-.597.933M8.5 11.909v3.014c.67-.204 1.335-.82 1.887-1.855q.216-.403.395-.872A12.6 12.6 0 0 0 8.5 11.91zm3.555-.401c.57.185 1.095.409 1.565.667A6.96 6.96 0 0 0 14.982 8.5h-2.49a13.4 13.4 0 0 1-.437 3.008M14.982 7.5a6.96 6.96 0 0 0-1.362-3.675c-.47.258-.995.482-1.565.667.248.92.4 1.938.437 3.008zM11.27 2.461q.266.502.482 1.078a8.4 8.4 0 0 0 1.196-.49 7 7 0 0 0-2.275-1.52c.218.283.418.597.597.932m-.488 1.343a8 8 0 0 0-.395-.872C9.835 1.897 9.17 1.282 8.5 1.077V4.09c.81-.03 1.577-.13 2.282-.287z\"><\/path> <\/svg><\/span><span class=\"gb-headline-text\"><span class=\"gb-headline-text\"><a href=\"https:\/\/www.airedecinema.com\/\" target=\"_blank\" rel=\"noopener nofollow\" title=\"\">Aire de Cinema<\/a><\/span><\/span><\/p>\n\n<\/div><\/div>\n\n<div class=\"gb-grid-column gb-grid-column-6c28e8ab\"><div class=\"gb-container gb-container-6c28e8ab\">\n\n<figure class=\"wp-block-image size-full\"><img loading=\"lazy\" decoding=\"async\" width=\"700\" height=\"803\" src=\"https:\/\/www.edav.es\/wp-content\/uploads\/2025\/06\/One-to-one-Mila-Luengo-Aire-de-cinema.jpg\" alt=\"Mila Luengo\" class=\"wp-image-11704\" srcset=\"https:\/\/www.edav.es\/wp-content\/uploads\/2025\/06\/One-to-one-Mila-Luengo-Aire-de-cinema.jpg 700w, https:\/\/www.edav.es\/wp-content\/uploads\/2025\/06\/One-to-one-Mila-Luengo-Aire-de-cinema-262x300.jpg 262w\" sizes=\"auto, (max-width: 700px) 100vw, 700px\" \/><\/figure>\n\n<\/div><\/div>\n\n<div class=\"gb-grid-column gb-grid-column-5d0ef5e0\"><div class=\"gb-container gb-container-5d0ef5e0\">\n\n<h2 class=\"gb-headline gb-headline-f1b8a117 gb-headline-text\">Mila Luengo<\/h2>\n\n\n\n<p class=\"gb-headline gb-headline-1b3716aa gb-headline-text\">Productora<\/p>\n\n\n\n<p>Mila Luengo Pavlotzky (Buenos Aires, 1987) es licenciada en Comunicaci\u00f3n Audiovisual por la Universitat de Val\u00e8ncia y ha trabajado en cine, televisi\u00f3n y publicidad desde el departamento de producci\u00f3n. En 2024 estren\u00f3 su primer largometraje como guionista, directora de producci\u00f3n y productora ejecutiva: <em>L\u2019\u00c0via i el Foraster<\/em>, la pel\u00edcula en valenciano m\u00e1s vista en cines, ganadora del Premio Lola Gaos 2025 a Mejor Direcci\u00f3n de Producci\u00f3n. Ese mismo a\u00f1o firm\u00f3 la direcci\u00f3n de producci\u00f3n de <em>Cowgirl<\/em>, con estreno previsto en 2025. Ha sido jefa de producci\u00f3n en <em>La casa<\/em> de \u00c1lex Montoya, las series <em>Perdida<\/em> (Atresmedia) y <em>La forastera<\/em> (\u00c0 Punt), y el documental <em>El hombre que embotell\u00f3 el Sol<\/em>. Particip\u00f3 en producciones internacionales como <em>Citadel<\/em> (Amazon), <em>Exodus<\/em> y <em>Allied<\/em>. Como productora ejecutiva ha impulsado cortos como <em>Un domingo cualquiera<\/em>, <em>Confeti<\/em> y <em>H\u00e0bitat<\/em>, premiado en los Berlanga 2024. En 2025 estrena <em>C\u00f2lera<\/em>, con m\u00e1s de treinta selecciones y m\u00faltiples galardones.      <\/p>\n\n\n\n<h3 class=\"gb-headline gb-headline-5f8f6f3a gb-headline-text\">Aire de Cinema<\/h3>\n\n\n\n<p>Aire de Cinema nace en 2001 con el documental <em>Green Paradise, la California Europea<\/em>. En 2012 produce <em>Hidr\u00f3lisis<\/em>, seleccionado en Curts\u201912 del IVAC. En 2013, el corto <em>Tagomago<\/em> gana premios y se proyecta en m\u00e1s de 30 festivales. En 2015 estrena <em>Ovidi, el Making of&#8230;<\/em>, coproducido con Diagonal TV, presentado en el Festival de M\u00e1laga y emitido en TV3. En 2023 lanza <em>H\u00e0bitat<\/em>, de Elena Escura, premiado con el Berlanga al Mejor Corto Valenciano, y la segunda temporada de la serie <em>CCCC Stories<\/em>. En 2024 produce <em>L\u2019\u00e0via i el foraster<\/em>, dirigida por Sergi Miralles y coproducida con Alhena, ganadora de cuatro premios en el Festival de Alicante y la pel\u00edcula en valenciano m\u00e1s vista en cines. Tambi\u00e9n estrena <em>C\u00f2lera<\/em>, de Jose Lu\u00eds L\u00e1zaro. En 2025 iniciar\u00e1 su recorrido por festivales y producir\u00e1 un nuevo corto de Escura con el apoyo del IVC y \u00c0 Punt.       <\/p>\n\n\n\n<p class=\"gb-headline gb-headline-8f5f887f\"><span class=\"gb-icon\"><svg xmlns=\"http:\/\/www.w3.org\/2000\/svg\" aria-hidden=\"true\" role=\"img\" height=\"1em\" width=\"1em\" viewbox=\"0 0 384 512\"><path fill=\"currentColor\" d=\"M172.268 501.67C26.97 291.031 0 269.413 0 192 0 85.961 85.961 0 192 0s192 85.961 192 192c0 77.413-26.97 99.031-172.268 309.67-9.535 13.774-29.93 13.773-39.464 0zM192 272c44.183 0 80-35.817 80-80s-35.817-80-80-80-80 35.817-80 80 35.817 80 80 80z\"><\/path><\/svg><\/span><span class=\"gb-headline-text\"><span class=\"gb-headline-text\">Val\u00e8ncia<\/span><\/span><\/p>\n\n\n\n<p class=\"gb-headline gb-headline-4641a223\"><span class=\"gb-icon\"><svg xmlns=\"http:\/\/www.w3.org\/2000\/svg\" class=\"bi bi-globe2\" fill=\"currentColor\" height=\"16\" width=\"16\">   <path d=\"M0 8a8 8 0 1 1 16 0A8 8 0 0 1 0 8m7.5-6.923c-.67.204-1.335.82-1.887 1.855q-.215.403-.395.872c.705.157 1.472.257 2.282.287zM4.249 3.539q.214-.577.481-1.078a7 7 0 0 1 .597-.933A7 7 0 0 0 3.051 3.05q.544.277 1.198.49zM3.509 7.5c.036-1.07.188-2.087.436-3.008a9 9 0 0 1-1.565-.667A6.96 6.96 0 0 0 1.018 7.5zm1.4-2.741a12.3 12.3 0 0 0-.4 2.741H7.5V5.091c-.91-.03-1.783-.145-2.591-.332M8.5 5.09V7.5h2.99a12.3 12.3 0 0 0-.399-2.741c-.808.187-1.681.301-2.591.332zM4.51 8.5c.035.987.176 1.914.399 2.741A13.6 13.6 0 0 1 7.5 10.91V8.5zm3.99 0v2.409c.91.03 1.783.145 2.591.332.223-.827.364-1.754.4-2.741zm-3.282 3.696q.18.469.395.872c.552 1.035 1.218 1.65 1.887 1.855V11.91c-.81.03-1.577.13-2.282.287zm.11 2.276a7 7 0 0 1-.598-.933 9 9 0 0 1-.481-1.079 8.4 8.4 0 0 0-1.198.49 7 7 0 0 0 2.276 1.522zm-1.383-2.964A13.4 13.4 0 0 1 3.508 8.5h-2.49a6.96 6.96 0 0 0 1.362 3.675c.47-.258.995-.482 1.565-.667m6.728 2.964a7 7 0 0 0 2.275-1.521 8.4 8.4 0 0 0-1.197-.49 9 9 0 0 1-.481 1.078 7 7 0 0 1-.597.933M8.5 11.909v3.014c.67-.204 1.335-.82 1.887-1.855q.216-.403.395-.872A12.6 12.6 0 0 0 8.5 11.91zm3.555-.401c.57.185 1.095.409 1.565.667A6.96 6.96 0 0 0 14.982 8.5h-2.49a13.4 13.4 0 0 1-.437 3.008M14.982 7.5a6.96 6.96 0 0 0-1.362-3.675c-.47.258-.995.482-1.565.667.248.92.4 1.938.437 3.008zM11.27 2.461q.266.502.482 1.078a8.4 8.4 0 0 0 1.196-.49 7 7 0 0 0-2.275-1.52c.218.283.418.597.597.932m-.488 1.343a8 8 0 0 0-.395-.872C9.835 1.897 9.17 1.282 8.5 1.077V4.09c.81-.03 1.577-.13 2.282-.287z\"><\/path> <\/svg><\/span><span class=\"gb-headline-text\"><span class=\"gb-headline-text\"><a href=\"https:\/\/www.airedecinema.com\/\" target=\"_blank\" rel=\"noopener nofollow\" title=\"\">Aire de Cinema<\/a><\/span><\/span><\/p>\n\n<\/div><\/div>\n\n<div class=\"gb-grid-column gb-grid-column-cc4db5c8\"><div class=\"gb-container gb-container-cc4db5c8\">\n\n<figure class=\"wp-block-image size-full\"><img loading=\"lazy\" decoding=\"async\" width=\"700\" height=\"700\" src=\"https:\/\/www.edav.es\/wp-content\/uploads\/2025\/06\/One-to-one-Rafa-Cervero-BSGlobalTV.jpg\" alt=\"Rafa Cerver&#xF3;\" class=\"wp-image-11714\" srcset=\"https:\/\/www.edav.es\/wp-content\/uploads\/2025\/06\/One-to-one-Rafa-Cervero-BSGlobalTV.jpg 700w, https:\/\/www.edav.es\/wp-content\/uploads\/2025\/06\/One-to-one-Rafa-Cervero-BSGlobalTV-300x300.jpg 300w, https:\/\/www.edav.es\/wp-content\/uploads\/2025\/06\/One-to-one-Rafa-Cervero-BSGlobalTV-150x150.jpg 150w\" sizes=\"auto, (max-width: 700px) 100vw, 700px\" \/><\/figure>\n\n<\/div><\/div>\n\n<div class=\"gb-grid-column gb-grid-column-ec4da0a4\"><div class=\"gb-container gb-container-ec4da0a4\">\n\n<h2 class=\"gb-headline gb-headline-fd5ed73f gb-headline-text\">Rafa Cerver\u00f3<\/h2>\n\n\n\n<p class=\"gb-headline gb-headline-e502ca1e gb-headline-text\">Productor Ejecutivo<\/p>\n\n\n\n<p>Rafa Cerver\u00f3 es productor ejecutivo en la productora valenciana <strong>BSGlobalTV<\/strong>. Tras muchos a\u00f1os trabajando en grandes empresas como <strong>LaSexta<\/strong> o o <strong>Mediapro<\/strong>, en 2021 decid\u00ed empezar una nueva etapa como productor ejecutivo en la productora BSGlobalTV. Desde entonces, hemos producido tanto proyectos de entretenimiento como <em>Terra Viva<\/em> (\u00c0 Punt), documentales como <em>Noah<\/em> o series documentales como <em>La Senda del Grial<\/em> que se estrena pr\u00f3ximamente en \u00c0 Punt. Adem\u00e1s, a finales de 2024, produciremos nuestra primera pel\u00edcula de ficci\u00f3n <em>Dejemos hablar al placer<\/em>, una coproducci\u00f3n entre Uruguay y Espa\u00f1a.   <\/p>\n\n\n\n<p class=\"gb-headline gb-headline-650fbf21\"><span class=\"gb-icon\"><svg xmlns=\"http:\/\/www.w3.org\/2000\/svg\" aria-hidden=\"true\" role=\"img\" height=\"1em\" width=\"1em\" viewbox=\"0 0 448 512\"><path fill=\"currentColor\" d=\"M416 32H31.9C14.3 32 0 46.5 0 64.3v383.4C0 465.5 14.3 480 31.9 480H416c17.6 0 32-14.5 32-32.3V64.3c0-17.8-14.4-32.3-32-32.3zM135.4 416H69V202.2h66.5V416zm-33.2-243c-21.3 0-38.5-17.3-38.5-38.5S80.9 96 102.2 96c21.2 0 38.5 17.3 38.5 38.5 0 21.3-17.2 38.5-38.5 38.5zm282.1 243h-66.4V312c0-24.8-.5-56.7-34.5-56.7-34.6 0-39.9 27-39.9 54.9V416h-66.4V202.2h63.7v29.2h.9c8.9-16.8 30.6-34.5 62.9-34.5 67.2 0 79.7 44.3 79.7 101.9V416z\"><\/path><\/svg><\/span><span class=\"gb-headline-text\"><span class=\"gb-headline-text\"><a title=\"\" href=\"https:\/\/www.linkedin.com\/in\/rafa-cerver%C3%B3-ballester-94665a51\/\" target=\"_blank\" rel=\"noopener nofollow\">Rafa Cerver\u00f3 en LinkedIn<\/a><\/span><\/span><\/p>\n\n\n\n<h3 class=\"gb-headline gb-headline-b8689eca gb-headline-text\">BSGlobalTV<\/h3>\n\n\n\n<p><strong>BSGlobalTV<\/strong> es una empresa valenciana constituida el 2005, heredera de <strong>DOBLEDEU PRODUCCIONES<\/strong>, empresa valenciana participada por <strong>BOOMERANG TV<\/strong> y Rafa Cerver\u00f3. BSGlobalTV ha producido recientemente el programa diario <em>TIERRA VIVA<\/em> para \u00c0 Punt. Adem\u00e1s, en 2020 coprodujo con Cuarzo el prime time semanal <em>Celebrity School<\/em>. Tambi\u00e9n ha producido los videos de alguna de las exposiciones de <em>Luz de las Im\u00e1genes<\/em> y ha realizado documentales para la Instituci\u00f3n Mil\u00e0 i Fontanars del <strong>Centro Superior de Investigaciones Cient\u00edficas<\/strong>. En 2022, produjo el video <em>Pantalles de Carmen<\/em> para la exposici\u00f3n \u201cCarmen Alborch, \u00abEl arte y la vida\u201d en el Centre del Carmen de Valencia. Recientemente, <strong>BSGlobalTV <\/strong>acaba de estrenar el documental \u00abNOAH\u00bb, acerca de Noah Hig\u00f3n, una joven activista de 26 a\u00f1os que ha convertido su lucha contra siete enfermedades raras e incurables en un poderoso mensaje de resiliencia y esperanza. Tambi\u00e9n est\u00e1 a punto de estrenar una docuserie sobre el Santo Grial en Arag\u00f3n TV y \u00c0 Punt. En Noviembre producir\u00e1 su primera pel\u00edcula de ficci\u00f3n en Uruguay que se titula <em>Dejemos hablar al placer<\/em>.   <\/p>\n\n\n\n<p class=\"gb-headline gb-headline-144916f6\"><span class=\"gb-icon\"><svg xmlns=\"http:\/\/www.w3.org\/2000\/svg\" aria-hidden=\"true\" role=\"img\" height=\"1em\" width=\"1em\" viewbox=\"0 0 384 512\"><path fill=\"currentColor\" d=\"M172.268 501.67C26.97 291.031 0 269.413 0 192 0 85.961 85.961 0 192 0s192 85.961 192 192c0 77.413-26.97 99.031-172.268 309.67-9.535 13.774-29.93 13.773-39.464 0zM192 272c44.183 0 80-35.817 80-80s-35.817-80-80-80-80 35.817-80 80 35.817 80 80 80z\"><\/path><\/svg><\/span><span class=\"gb-headline-text\"><span class=\"gb-headline-text\">Val\u00e8ncia<\/span><\/span><\/p>\n\n\n\n<p class=\"gb-headline gb-headline-b3a4dea4\"><span class=\"gb-icon\"><svg xmlns=\"http:\/\/www.w3.org\/2000\/svg\" class=\"bi bi-globe2\" fill=\"currentColor\" height=\"16\" width=\"16\">   <path d=\"M0 8a8 8 0 1 1 16 0A8 8 0 0 1 0 8m7.5-6.923c-.67.204-1.335.82-1.887 1.855q-.215.403-.395.872c.705.157 1.472.257 2.282.287zM4.249 3.539q.214-.577.481-1.078a7 7 0 0 1 .597-.933A7 7 0 0 0 3.051 3.05q.544.277 1.198.49zM3.509 7.5c.036-1.07.188-2.087.436-3.008a9 9 0 0 1-1.565-.667A6.96 6.96 0 0 0 1.018 7.5zm1.4-2.741a12.3 12.3 0 0 0-.4 2.741H7.5V5.091c-.91-.03-1.783-.145-2.591-.332M8.5 5.09V7.5h2.99a12.3 12.3 0 0 0-.399-2.741c-.808.187-1.681.301-2.591.332zM4.51 8.5c.035.987.176 1.914.399 2.741A13.6 13.6 0 0 1 7.5 10.91V8.5zm3.99 0v2.409c.91.03 1.783.145 2.591.332.223-.827.364-1.754.4-2.741zm-3.282 3.696q.18.469.395.872c.552 1.035 1.218 1.65 1.887 1.855V11.91c-.81.03-1.577.13-2.282.287zm.11 2.276a7 7 0 0 1-.598-.933 9 9 0 0 1-.481-1.079 8.4 8.4 0 0 0-1.198.49 7 7 0 0 0 2.276 1.522zm-1.383-2.964A13.4 13.4 0 0 1 3.508 8.5h-2.49a6.96 6.96 0 0 0 1.362 3.675c.47-.258.995-.482 1.565-.667m6.728 2.964a7 7 0 0 0 2.275-1.521 8.4 8.4 0 0 0-1.197-.49 9 9 0 0 1-.481 1.078 7 7 0 0 1-.597.933M8.5 11.909v3.014c.67-.204 1.335-.82 1.887-1.855q.216-.403.395-.872A12.6 12.6 0 0 0 8.5 11.91zm3.555-.401c.57.185 1.095.409 1.565.667A6.96 6.96 0 0 0 14.982 8.5h-2.49a13.4 13.4 0 0 1-.437 3.008M14.982 7.5a6.96 6.96 0 0 0-1.362-3.675c-.47.258-.995.482-1.565.667.248.92.4 1.938.437 3.008zM11.27 2.461q.266.502.482 1.078a8.4 8.4 0 0 0 1.196-.49 7 7 0 0 0-2.275-1.52c.218.283.418.597.597.932m-.488 1.343a8 8 0 0 0-.395-.872C9.835 1.897 9.17 1.282 8.5 1.077V4.09c.81-.03 1.577-.13 2.282-.287z\"><\/path> <\/svg><\/span><span class=\"gb-headline-text\"><span class=\"gb-headline-text\"><a title=\"\" href=\"https:\/\/www.bsglobaltv.com\/\" target=\"_blank\" rel=\"noopener nofollow\">BSGlobalTV<\/a><\/span><\/span><\/p>\n\n<\/div><\/div>\n\n<div class=\"gb-grid-column gb-grid-column-563b073f\"><div class=\"gb-container gb-container-563b073f\">\n\n<figure class=\"wp-block-image size-full\"><img loading=\"lazy\" decoding=\"async\" width=\"700\" height=\"1050\" src=\"https:\/\/www.edav.es\/wp-content\/uploads\/2025\/06\/One-to-one-Xavier-Crespo-Dacsa.jpg\" alt=\"Xavier Crespo Rico\" class=\"wp-image-11736\" srcset=\"https:\/\/www.edav.es\/wp-content\/uploads\/2025\/06\/One-to-one-Xavier-Crespo-Dacsa.jpg 700w, https:\/\/www.edav.es\/wp-content\/uploads\/2025\/06\/One-to-one-Xavier-Crespo-Dacsa-200x300.jpg 200w, https:\/\/www.edav.es\/wp-content\/uploads\/2025\/06\/One-to-one-Xavier-Crespo-Dacsa-683x1024.jpg 683w\" sizes=\"auto, (max-width: 700px) 100vw, 700px\" \/><\/figure>\n\n<\/div><\/div>\n\n<div class=\"gb-grid-column gb-grid-column-d88dcc20\"><div class=\"gb-container gb-container-d88dcc20\">\n\n<h2 class=\"gb-headline gb-headline-84fc3783 gb-headline-text\">Xavier Crespo Rico<\/h2>\n\n\n\n<p class=\"gb-headline gb-headline-a6a03c76 gb-headline-text\">Productor Ejecutivo<\/p>\n\n\n\n<p>Xavier Crespo tiene una larga carrera como productor de cine y televisi\u00f3n. Sus trabajos, tanto documentales como de ficci\u00f3n, han sido seleccionados en algunos de los festivales m\u00e1s representativos del cine de autor. En 1992, fund\u00f3 Dacsa Produccions, donde desarrolla proyectos en todos los campos del audiovisual, incluyendo ficci\u00f3n y documental, cortometrajes, TV-movies, videoclips y publicidad.  <\/p>\n\n\n\n<h3 class=\"gb-headline gb-headline-d98ac4e1 gb-headline-text\">Dacsa Produccions<\/h3>\n\n\n\n<p>Dacsa Produccions, una productora independiente que naci\u00f3 con el deseo de ser respetuosa con las audiencias y comprometida con el cine. A <em>Tabarka<\/em> (1996), su primer largometraje, seguir\u00e1n m\u00e1s de 40 obras audiovisuales, siendo <em>Llob\u00e0s<\/em>, dirigida por Pau Calpe, <em>Valenciana<\/em>, dirigida por Jordi N\u00fa\u00f1ez y el documental <em>Equipo Cr\u00f3nica<\/em> dirigida por Rafa Sesa y Felipe Villaplana, sus \u00faltimos estrenos en cines en el \u00faltimo a\u00f1o. <\/p>\n\n\n\n<p class=\"gb-headline gb-headline-2046ad47\"><span class=\"gb-icon\"><svg xmlns=\"http:\/\/www.w3.org\/2000\/svg\" aria-hidden=\"true\" role=\"img\" height=\"1em\" width=\"1em\" viewbox=\"0 0 384 512\"><path fill=\"currentColor\" d=\"M172.268 501.67C26.97 291.031 0 269.413 0 192 0 85.961 85.961 0 192 0s192 85.961 192 192c0 77.413-26.97 99.031-172.268 309.67-9.535 13.774-29.93 13.773-39.464 0zM192 272c44.183 0 80-35.817 80-80s-35.817-80-80-80-80 35.817-80 80 35.817 80 80 80z\"><\/path><\/svg><\/span><span class=\"gb-headline-text\"><span class=\"gb-headline-text\">Val\u00e8ncia<\/span><\/span><\/p>\n\n\n\n<p class=\"gb-headline gb-headline-67170fac\"><span class=\"gb-icon\"><svg xmlns=\"http:\/\/www.w3.org\/2000\/svg\" class=\"bi bi-globe2\" fill=\"currentColor\" height=\"16\" width=\"16\">   <path d=\"M0 8a8 8 0 1 1 16 0A8 8 0 0 1 0 8m7.5-6.923c-.67.204-1.335.82-1.887 1.855q-.215.403-.395.872c.705.157 1.472.257 2.282.287zM4.249 3.539q.214-.577.481-1.078a7 7 0 0 1 .597-.933A7 7 0 0 0 3.051 3.05q.544.277 1.198.49zM3.509 7.5c.036-1.07.188-2.087.436-3.008a9 9 0 0 1-1.565-.667A6.96 6.96 0 0 0 1.018 7.5zm1.4-2.741a12.3 12.3 0 0 0-.4 2.741H7.5V5.091c-.91-.03-1.783-.145-2.591-.332M8.5 5.09V7.5h2.99a12.3 12.3 0 0 0-.399-2.741c-.808.187-1.681.301-2.591.332zM4.51 8.5c.035.987.176 1.914.399 2.741A13.6 13.6 0 0 1 7.5 10.91V8.5zm3.99 0v2.409c.91.03 1.783.145 2.591.332.223-.827.364-1.754.4-2.741zm-3.282 3.696q.18.469.395.872c.552 1.035 1.218 1.65 1.887 1.855V11.91c-.81.03-1.577.13-2.282.287zm.11 2.276a7 7 0 0 1-.598-.933 9 9 0 0 1-.481-1.079 8.4 8.4 0 0 0-1.198.49 7 7 0 0 0 2.276 1.522zm-1.383-2.964A13.4 13.4 0 0 1 3.508 8.5h-2.49a6.96 6.96 0 0 0 1.362 3.675c.47-.258.995-.482 1.565-.667m6.728 2.964a7 7 0 0 0 2.275-1.521 8.4 8.4 0 0 0-1.197-.49 9 9 0 0 1-.481 1.078 7 7 0 0 1-.597.933M8.5 11.909v3.014c.67-.204 1.335-.82 1.887-1.855q.216-.403.395-.872A12.6 12.6 0 0 0 8.5 11.91zm3.555-.401c.57.185 1.095.409 1.565.667A6.96 6.96 0 0 0 14.982 8.5h-2.49a13.4 13.4 0 0 1-.437 3.008M14.982 7.5a6.96 6.96 0 0 0-1.362-3.675c-.47.258-.995.482-1.565.667.248.92.4 1.938.437 3.008zM11.27 2.461q.266.502.482 1.078a8.4 8.4 0 0 0 1.196-.49 7 7 0 0 0-2.275-1.52c.218.283.418.597.597.932m-.488 1.343a8 8 0 0 0-.395-.872C9.835 1.897 9.17 1.282 8.5 1.077V4.09c.81-.03 1.577-.13 2.282-.287z\"><\/path> <\/svg><\/span><span class=\"gb-headline-text\"><span class=\"gb-headline-text\"><a title=\"\" href=\"https:\/\/dacsaproduccions.com\" target=\"_blank\" rel=\"noopener nofollow\">Dacsa Produccions<\/a><\/span><\/span><\/p>\n\n\n\n<p class=\"gb-headline gb-headline-3dc2d5c5\"><span class=\"gb-icon\"><svg xmlns=\"http:\/\/www.w3.org\/2000\/svg\" aria-hidden=\"true\" role=\"img\" height=\"1em\" width=\"1em\" viewbox=\"0 0 448 512\"><path fill=\"currentColor\" d=\"M224.1 141c-63.6 0-114.9 51.3-114.9 114.9s51.3 114.9 114.9 114.9S339 319.5 339 255.9 287.7 141 224.1 141zm0 189.6c-41.1 0-74.7-33.5-74.7-74.7s33.5-74.7 74.7-74.7 74.7 33.5 74.7 74.7-33.6 74.7-74.7 74.7zm146.4-194.3c0 14.9-12 26.8-26.8 26.8-14.9 0-26.8-12-26.8-26.8s12-26.8 26.8-26.8 26.8 12 26.8 26.8zm76.1 27.2c-1.7-35.9-9.9-67.7-36.2-93.9-26.2-26.2-58-34.4-93.9-36.2-37-2.1-147.9-2.1-184.9 0-35.8 1.7-67.6 9.9-93.9 36.1s-34.4 58-36.2 93.9c-2.1 37-2.1 147.9 0 184.9 1.7 35.9 9.9 67.7 36.2 93.9s58 34.4 93.9 36.2c37 2.1 147.9 2.1 184.9 0 35.9-1.7 67.7-9.9 93.9-36.2 26.2-26.2 34.4-58 36.2-93.9 2.1-37 2.1-147.8 0-184.8zM398.8 388c-7.8 19.6-22.9 34.7-42.6 42.6-29.5 11.7-99.5 9-132.1 9s-102.7 2.6-132.1-9c-19.6-7.8-34.7-22.9-42.6-42.6-11.7-29.5-9-99.5-9-132.1s-2.6-102.7 9-132.1c7.8-19.6 22.9-34.7 42.6-42.6 29.5-11.7 99.5-9 132.1-9s102.7-2.6 132.1 9c19.6 7.8 34.7 22.9 42.6 42.6 11.7 29.5 9 99.5 9 132.1s2.7 102.7-9 132.1z\"><\/path><\/svg><\/span><span class=\"gb-headline-text\"><span class=\"gb-headline-text\"><a title=\"\" href=\"https:\/\/www.instagram.com\/dacsaproduccions\/\" target=\"_blank\" rel=\"noopener nofollow\">@dacsaproduccions<\/a><\/span><\/span><\/p>\n\n<\/div><\/div>\n\n<div class=\"gb-grid-column gb-grid-column-8704dd66\"><div class=\"gb-container gb-container-8704dd66\">\n\n<figure class=\"wp-block-image size-full\"><img loading=\"lazy\" decoding=\"async\" width=\"700\" height=\"984\" src=\"https:\/\/www.edav.es\/wp-content\/uploads\/2025\/06\/One-to-one-Oscar-Monton-Emeeme.jpg\" alt=\"&#xD3;scar Monton\" class=\"wp-image-11740\" srcset=\"https:\/\/www.edav.es\/wp-content\/uploads\/2025\/06\/One-to-one-Oscar-Monton-Emeeme.jpg 700w, https:\/\/www.edav.es\/wp-content\/uploads\/2025\/06\/One-to-one-Oscar-Monton-Emeeme-213x300.jpg 213w\" sizes=\"auto, (max-width: 700px) 100vw, 700px\" \/><\/figure>\n\n<\/div><\/div>\n\n<div class=\"gb-grid-column gb-grid-column-bc759d79\"><div class=\"gb-container gb-container-bc759d79\">\n\n<h2 class=\"gb-headline gb-headline-555e3363 gb-headline-text\">\u00d3scar Monton<\/h2>\n\n\n\n<p class=\"gb-headline gb-headline-255ad00a gb-headline-text\">Director<\/p>\n\n\n\n<p>\u00d3scar Monton nace en Valencia en el a\u00f1o 1969. Monta su primera productora, <em>Texas Rangers producciones<\/em>, en los a\u00f1os 90, donde se dedica a realizar reportajes en discotecas valencianas. Posteriormente logra una plaza en Canal 9, donde permanece hasta el cierre de la cadena. Paralelamente a esto se dedica a la realizaci\u00f3n de documentales y cortometrajes con su empresa <em>Eme Eme producciones<\/em>, produciendo documentales y series documentales para TVE , Canal 9, TV3, TV Arag\u00f3n o ETB. Despu\u00e9s de varios cortometrajes, en 2023 dirige su primer largometraje <em>Quan no acaba la nit,<\/em> que actualmente puede verse en Prime video entre otras plataformas. Ahora prepara, entre otros proyectos, el documental <em>Techno\u201990, la historia del sonido de Valencia<\/em>.     <\/p>\n\n\n\n<p class=\"gb-headline gb-headline-0f213111\"><span class=\"gb-icon\"><svg xmlns=\"http:\/\/www.w3.org\/2000\/svg\" aria-hidden=\"true\" role=\"img\" height=\"1em\" width=\"1em\" viewbox=\"0 0 448 512\"><path fill=\"currentColor\" d=\"M416 32H31.9C14.3 32 0 46.5 0 64.3v383.4C0 465.5 14.3 480 31.9 480H416c17.6 0 32-14.5 32-32.3V64.3c0-17.8-14.4-32.3-32-32.3zM135.4 416H69V202.2h66.5V416zm-33.2-243c-21.3 0-38.5-17.3-38.5-38.5S80.9 96 102.2 96c21.2 0 38.5 17.3 38.5 38.5 0 21.3-17.2 38.5-38.5 38.5zm282.1 243h-66.4V312c0-24.8-.5-56.7-34.5-56.7-34.6 0-39.9 27-39.9 54.9V416h-66.4V202.2h63.7v29.2h.9c8.9-16.8 30.6-34.5 62.9-34.5 67.2 0 79.7 44.3 79.7 101.9V416z\"><\/path><\/svg><\/span><span class=\"gb-headline-text\"><span class=\"gb-headline-text\"><a title=\"\" href=\"https:\/\/www.linkedin.com\/in\/oscarmonton\" target=\"_blank\" rel=\"noopener nofollow\">Oscar Montonn en LinkedIn<\/a><\/span><\/span><\/p>\n\n\n\n<h3 class=\"gb-headline gb-headline-c79888a7 gb-headline-text\">Emeeme Producciones<\/h3>\n\n\n\n<p><em>Emeeme producciones<\/em> (Audiovisuales Morvedre, SL) es una empresa valenciana que nace en 1999. Est\u00e1n especializados en la producci\u00f3n de todo tipo de proyectos audiovisuales: realizaci\u00f3n multic\u00e1mara de eventos con unidad m\u00f3vil de televisi\u00f3n o con realizaci\u00f3n ligera, tanto para TV como por streaming, realizaci\u00f3n de v\u00eddeos corporativos, spots publicitarios, servicios ENG&#8230; as\u00ed como la creaci\u00f3n de ficci\u00f3n y documentales para televisi\u00f3n. <\/p>\n\n\n\n<p class=\"gb-headline gb-headline-a719b18b\"><span class=\"gb-icon\"><svg xmlns=\"http:\/\/www.w3.org\/2000\/svg\" aria-hidden=\"true\" role=\"img\" height=\"1em\" width=\"1em\" viewbox=\"0 0 384 512\"><path fill=\"currentColor\" d=\"M172.268 501.67C26.97 291.031 0 269.413 0 192 0 85.961 85.961 0 192 0s192 85.961 192 192c0 77.413-26.97 99.031-172.268 309.67-9.535 13.774-29.93 13.773-39.464 0zM192 272c44.183 0 80-35.817 80-80s-35.817-80-80-80-80 35.817-80 80 35.817 80 80 80z\"><\/path><\/svg><\/span><span class=\"gb-headline-text\"><span class=\"gb-headline-text\">Val\u00e8ncia<\/span><\/span><\/p>\n\n\n\n<p class=\"gb-headline gb-headline-358ec800\"><span class=\"gb-icon\"><svg xmlns=\"http:\/\/www.w3.org\/2000\/svg\" class=\"bi bi-globe2\" fill=\"currentColor\" height=\"16\" width=\"16\">   <path d=\"M0 8a8 8 0 1 1 16 0A8 8 0 0 1 0 8m7.5-6.923c-.67.204-1.335.82-1.887 1.855q-.215.403-.395.872c.705.157 1.472.257 2.282.287zM4.249 3.539q.214-.577.481-1.078a7 7 0 0 1 .597-.933A7 7 0 0 0 3.051 3.05q.544.277 1.198.49zM3.509 7.5c.036-1.07.188-2.087.436-3.008a9 9 0 0 1-1.565-.667A6.96 6.96 0 0 0 1.018 7.5zm1.4-2.741a12.3 12.3 0 0 0-.4 2.741H7.5V5.091c-.91-.03-1.783-.145-2.591-.332M8.5 5.09V7.5h2.99a12.3 12.3 0 0 0-.399-2.741c-.808.187-1.681.301-2.591.332zM4.51 8.5c.035.987.176 1.914.399 2.741A13.6 13.6 0 0 1 7.5 10.91V8.5zm3.99 0v2.409c.91.03 1.783.145 2.591.332.223-.827.364-1.754.4-2.741zm-3.282 3.696q.18.469.395.872c.552 1.035 1.218 1.65 1.887 1.855V11.91c-.81.03-1.577.13-2.282.287zm.11 2.276a7 7 0 0 1-.598-.933 9 9 0 0 1-.481-1.079 8.4 8.4 0 0 0-1.198.49 7 7 0 0 0 2.276 1.522zm-1.383-2.964A13.4 13.4 0 0 1 3.508 8.5h-2.49a6.96 6.96 0 0 0 1.362 3.675c.47-.258.995-.482 1.565-.667m6.728 2.964a7 7 0 0 0 2.275-1.521 8.4 8.4 0 0 0-1.197-.49 9 9 0 0 1-.481 1.078 7 7 0 0 1-.597.933M8.5 11.909v3.014c.67-.204 1.335-.82 1.887-1.855q.216-.403.395-.872A12.6 12.6 0 0 0 8.5 11.91zm3.555-.401c.57.185 1.095.409 1.565.667A6.96 6.96 0 0 0 14.982 8.5h-2.49a13.4 13.4 0 0 1-.437 3.008M14.982 7.5a6.96 6.96 0 0 0-1.362-3.675c-.47.258-.995.482-1.565.667.248.92.4 1.938.437 3.008zM11.27 2.461q.266.502.482 1.078a8.4 8.4 0 0 0 1.196-.49 7 7 0 0 0-2.275-1.52c.218.283.418.597.597.932m-.488 1.343a8 8 0 0 0-.395-.872C9.835 1.897 9.17 1.282 8.5 1.077V4.09c.81-.03 1.577-.13 2.282-.287z\"><\/path> <\/svg><\/span><span class=\"gb-headline-text\"><span class=\"gb-headline-text\"><a title=\"\" href=\"https:\/\/www.emeeme.com\/\" target=\"_blank\" rel=\"noopener nofollow\">Emeeme Producciones<\/a><\/span><\/span><\/p>\n\n<\/div><\/div>\n\n<div class=\"gb-grid-column gb-grid-column-69e1a5c3\"><div class=\"gb-container gb-container-69e1a5c3\">\n\n<figure class=\"wp-block-image size-full\"><img loading=\"lazy\" decoding=\"async\" width=\"700\" height=\"714\" src=\"https:\/\/www.edav.es\/wp-content\/uploads\/2025\/06\/One-to-one-Monica-Fernandez-Fresno-Films.jpg\" alt=\"M&#xF3;nica Fern&#xE1;ndez Men&#xE9;ndez\" class=\"wp-image-11743\" srcset=\"https:\/\/www.edav.es\/wp-content\/uploads\/2025\/06\/One-to-one-Monica-Fernandez-Fresno-Films.jpg 700w, https:\/\/www.edav.es\/wp-content\/uploads\/2025\/06\/One-to-one-Monica-Fernandez-Fresno-Films-294x300.jpg 294w\" sizes=\"auto, (max-width: 700px) 100vw, 700px\" \/><\/figure>\n\n<\/div><\/div>\n\n<div class=\"gb-grid-column gb-grid-column-52967031\"><div class=\"gb-container gb-container-52967031\">\n\n<h2 class=\"gb-headline gb-headline-d56ed4fd gb-headline-text\">M\u00f3nica Fern\u00e1ndez Men\u00e9ndez<\/h2>\n\n\n\n<p class=\"gb-headline gb-headline-df085888 gb-headline-text\">Productora<\/p>\n\n\n\n<p>Fundadora de la productora Fresno Films. Forma parte de la V Edici\u00f3n de CIMA IMPULSA y la incubadora navarra VP Code Lab, con Marisa Fern\u00e1ndez Armenteros como mentora. <\/p>\n\n\n\n<p>Entre su filmograf\u00eda destacada est\u00e1:<br\/><em>180 Graus<\/em> y <em>Exilis<\/em>, ambos de Dani Reina, con el apoyo del IVC, \u00c0 PUNT M\u00c8DIA y CREA SGR. Ambos han sido seleccionados en el cat\u00e1logo de CURTS del IVC. <\/p>\n\n\n\n<p><em>La entrevista<\/em>, <em>El dress code<\/em>, <em>La vacante<\/em> y <em>El despido<\/em>. Adem\u00e1s de como productora, como guionista y directora. Destacan las selecciones en festivales como el Festival de Zaragoza, Festival de Lanzarote o Calzada de Calatrava.  <\/p>\n\n\n\n<p>Comenz\u00f3 su carrera en Bruselas (B\u00e9lgica), donde trabaj\u00f3 como asistente al productor Jean-Luc Van Damme en Banana Films, en el desarrollo y producci\u00f3n de largometrajes como <em>Goodbye bafana<\/em> (2007, dirigida por Bille August) o <em>Je l&#8217;aimais<\/em> (2009, dirigida por Zabou Breitman.<\/p>\n\n\n\n<h3 class=\"gb-headline gb-headline-3b44604e gb-headline-text\">Fresno Films<\/h3>\n\n\n\n<p>Fresno Films es una productora independiente de cine y televisi\u00f3n fundada por M\u00f3nica Fern\u00e1ndez Men\u00e9ndez y Mar\u00eda Jes\u00fas Fern\u00e1ndez Men\u00e9ndez en 2017, en Canet d&#8217;en Berenguer (Valencia).<br\/>El objetivo de Fresno Films es producir pel\u00edculas caracterizadas por su calidad y diversidad, con un particular inter\u00e9s en potenciar producciones con un especial valor cultural, social y educativo.<\/p>\n\n\n\n<p><strong>Filmograf\u00eda:<\/strong><br\/><em>La Entrevista<\/em> (2021), <em>La Vacante<\/em> (2021), <em>El Dress Code<\/em> (2021). <em>El Despido<\/em> (2021), <em>180 Graus<\/em> (2024) y <em>Exilis<\/em> (2025).<\/p>\n\n\n\n<p>Sus producciones han tenido presencia en festivales internacionales como el Festival de Zaragoza, Alf\u00e0s del Pi, Avil\u00e9s Acci\u00f3n, Lanzarote o Bengaluru.<\/p>\n\n\n\n<p class=\"gb-headline gb-headline-c2badac2\"><span class=\"gb-icon\"><svg xmlns=\"http:\/\/www.w3.org\/2000\/svg\" aria-hidden=\"true\" role=\"img\" height=\"1em\" width=\"1em\" viewbox=\"0 0 384 512\"><path fill=\"currentColor\" d=\"M172.268 501.67C26.97 291.031 0 269.413 0 192 0 85.961 85.961 0 192 0s192 85.961 192 192c0 77.413-26.97 99.031-172.268 309.67-9.535 13.774-29.93 13.773-39.464 0zM192 272c44.183 0 80-35.817 80-80s-35.817-80-80-80-80 35.817-80 80 35.817 80 80 80z\"><\/path><\/svg><\/span><span class=\"gb-headline-text\"><span class=\"gb-headline-text\">Val\u00e8ncia<\/span><\/span><\/p>\n\n\n\n<p class=\"gb-headline gb-headline-02a14739\"><span class=\"gb-icon\"><svg xmlns=\"http:\/\/www.w3.org\/2000\/svg\" class=\"bi bi-globe2\" fill=\"currentColor\" height=\"16\" width=\"16\">   <path d=\"M0 8a8 8 0 1 1 16 0A8 8 0 0 1 0 8m7.5-6.923c-.67.204-1.335.82-1.887 1.855q-.215.403-.395.872c.705.157 1.472.257 2.282.287zM4.249 3.539q.214-.577.481-1.078a7 7 0 0 1 .597-.933A7 7 0 0 0 3.051 3.05q.544.277 1.198.49zM3.509 7.5c.036-1.07.188-2.087.436-3.008a9 9 0 0 1-1.565-.667A6.96 6.96 0 0 0 1.018 7.5zm1.4-2.741a12.3 12.3 0 0 0-.4 2.741H7.5V5.091c-.91-.03-1.783-.145-2.591-.332M8.5 5.09V7.5h2.99a12.3 12.3 0 0 0-.399-2.741c-.808.187-1.681.301-2.591.332zM4.51 8.5c.035.987.176 1.914.399 2.741A13.6 13.6 0 0 1 7.5 10.91V8.5zm3.99 0v2.409c.91.03 1.783.145 2.591.332.223-.827.364-1.754.4-2.741zm-3.282 3.696q.18.469.395.872c.552 1.035 1.218 1.65 1.887 1.855V11.91c-.81.03-1.577.13-2.282.287zm.11 2.276a7 7 0 0 1-.598-.933 9 9 0 0 1-.481-1.079 8.4 8.4 0 0 0-1.198.49 7 7 0 0 0 2.276 1.522zm-1.383-2.964A13.4 13.4 0 0 1 3.508 8.5h-2.49a6.96 6.96 0 0 0 1.362 3.675c.47-.258.995-.482 1.565-.667m6.728 2.964a7 7 0 0 0 2.275-1.521 8.4 8.4 0 0 0-1.197-.49 9 9 0 0 1-.481 1.078 7 7 0 0 1-.597.933M8.5 11.909v3.014c.67-.204 1.335-.82 1.887-1.855q.216-.403.395-.872A12.6 12.6 0 0 0 8.5 11.91zm3.555-.401c.57.185 1.095.409 1.565.667A6.96 6.96 0 0 0 14.982 8.5h-2.49a13.4 13.4 0 0 1-.437 3.008M14.982 7.5a6.96 6.96 0 0 0-1.362-3.675c-.47.258-.995.482-1.565.667.248.92.4 1.938.437 3.008zM11.27 2.461q.266.502.482 1.078a8.4 8.4 0 0 0 1.196-.49 7 7 0 0 0-2.275-1.52c.218.283.418.597.597.932m-.488 1.343a8 8 0 0 0-.395-.872C9.835 1.897 9.17 1.282 8.5 1.077V4.09c.81-.03 1.577-.13 2.282-.287z\"><\/path> <\/svg><\/span><span class=\"gb-headline-text\"><span class=\"gb-headline-text\"><a href=\"https:\/\/fresnofilms.com\/\" target=\"_blank\" rel=\"noopener nofollow\" title=\"\">Fresno Films<\/a><\/span><\/span><\/p>\n\n<\/div><\/div>\n\n<div class=\"gb-grid-column gb-grid-column-1e88c488\"><div class=\"gb-container gb-container-1e88c488\">\n\n<figure class=\"wp-block-image size-full\"><img loading=\"lazy\" decoding=\"async\" width=\"700\" height=\"1050\" src=\"https:\/\/www.edav.es\/wp-content\/uploads\/2025\/06\/One-to-one-Adan-Aliaga-Jaibo.jpg\" alt=\"Ad&#xE1;n Aliaga - Jaibo Films\" class=\"wp-image-11818\" srcset=\"https:\/\/www.edav.es\/wp-content\/uploads\/2025\/06\/One-to-one-Adan-Aliaga-Jaibo.jpg 700w, https:\/\/www.edav.es\/wp-content\/uploads\/2025\/06\/One-to-one-Adan-Aliaga-Jaibo-200x300.jpg 200w, https:\/\/www.edav.es\/wp-content\/uploads\/2025\/06\/One-to-one-Adan-Aliaga-Jaibo-683x1024.jpg 683w\" sizes=\"auto, (max-width: 700px) 100vw, 700px\" \/><\/figure>\n\n<\/div><\/div>\n\n<div class=\"gb-grid-column gb-grid-column-0c967de9\"><div class=\"gb-container gb-container-0c967de9\">\n\n<h2 class=\"gb-headline gb-headline-ed08ed69 gb-headline-text\">Ad\u00e1n Aliaga<\/h2>\n\n\n\n<p class=\"gb-headline gb-headline-fd837816 gb-headline-text\">Director<\/p>\n\n\n\n<p>Ad\u00e1n Aliaga (1969, Alicante) en 2006 estrena su primera pel\u00edcula como guionista y director <em>La casa de mi abuela<\/em> con el que obtiene numerosos reconocimientos internacionales, entre los que destacan el <strong>Premio Joris Ivens<\/strong> al mejor Documental en <strong>IDFA<\/strong>, <strong>Premio del Jurado<\/strong> en <strong>HotDocs de Toronto<\/strong>, diversos premios en <strong>Documenta Madrid<\/strong>, Festival de <strong>Taiw\u00e1n, Miami, Chicago, Punto de Vista<\/strong> y la <strong>Nominaci\u00f3n al Mejor Documental<\/strong> de la <strong>Academia de Cine Europea<\/strong>.<\/p>\n\n\n\n<p>Desde entonces ha escrito y dirigido diez largometrajes m\u00e1s: <em>Estigmas<\/em> (2009), <em>Esquivar y Pegar<\/em> (2011), <em>La mujer del Eternauta<\/em> (2012), <em>Kanimambo<\/em> (2013), <em>El Arca de Noe<\/em> (2014), <em>Fishbone<\/em> (2018) <em>El Cuarto Reino<\/em> (2019), <em>Posidonia<\/em> (2021), <em>Beckett y el rinoceronte blanco<\/em> (2024) y <em>Calada<\/em> (2024) obteniendo diferentes premios internacionales y el reconocimiento de la cr\u00edtica. <\/p>\n\n\n\n<p class=\"gb-headline gb-headline-0d20c636\"><span class=\"gb-icon\"><svg xmlns=\"http:\/\/www.w3.org\/2000\/svg\" class=\"bi bi-globe2\" fill=\"currentColor\" height=\"16\" width=\"16\">   <path d=\"M0 8a8 8 0 1 1 16 0A8 8 0 0 1 0 8m7.5-6.923c-.67.204-1.335.82-1.887 1.855q-.215.403-.395.872c.705.157 1.472.257 2.282.287zM4.249 3.539q.214-.577.481-1.078a7 7 0 0 1 .597-.933A7 7 0 0 0 3.051 3.05q.544.277 1.198.49zM3.509 7.5c.036-1.07.188-2.087.436-3.008a9 9 0 0 1-1.565-.667A6.96 6.96 0 0 0 1.018 7.5zm1.4-2.741a12.3 12.3 0 0 0-.4 2.741H7.5V5.091c-.91-.03-1.783-.145-2.591-.332M8.5 5.09V7.5h2.99a12.3 12.3 0 0 0-.399-2.741c-.808.187-1.681.301-2.591.332zM4.51 8.5c.035.987.176 1.914.399 2.741A13.6 13.6 0 0 1 7.5 10.91V8.5zm3.99 0v2.409c.91.03 1.783.145 2.591.332.223-.827.364-1.754.4-2.741zm-3.282 3.696q.18.469.395.872c.552 1.035 1.218 1.65 1.887 1.855V11.91c-.81.03-1.577.13-2.282.287zm.11 2.276a7 7 0 0 1-.598-.933 9 9 0 0 1-.481-1.079 8.4 8.4 0 0 0-1.198.49 7 7 0 0 0 2.276 1.522zm-1.383-2.964A13.4 13.4 0 0 1 3.508 8.5h-2.49a6.96 6.96 0 0 0 1.362 3.675c.47-.258.995-.482 1.565-.667m6.728 2.964a7 7 0 0 0 2.275-1.521 8.4 8.4 0 0 0-1.197-.49 9 9 0 0 1-.481 1.078 7 7 0 0 1-.597.933M8.5 11.909v3.014c.67-.204 1.335-.82 1.887-1.855q.216-.403.395-.872A12.6 12.6 0 0 0 8.5 11.91zm3.555-.401c.57.185 1.095.409 1.565.667A6.96 6.96 0 0 0 14.982 8.5h-2.49a13.4 13.4 0 0 1-.437 3.008M14.982 7.5a6.96 6.96 0 0 0-1.362-3.675c-.47.258-.995.482-1.565.667.248.92.4 1.938.437 3.008zM11.27 2.461q.266.502.482 1.078a8.4 8.4 0 0 0 1.196-.49 7 7 0 0 0-2.275-1.52c.218.283.418.597.597.932m-.488 1.343a8 8 0 0 0-.395-.872C9.835 1.897 9.17 1.282 8.5 1.077V4.09c.81-.03 1.577-.13 2.282-.287z\"><\/path> <\/svg><\/span><span class=\"gb-headline-text\"><span class=\"gb-headline-text\"><a href=\"https:\/\/www.imdb.com\/es-es\/search\/title\/?companies=co0237562\" target=\"_blank\" rel=\"noopener nofollow\" title=\"\">Ad\u00e1n Aliaga en IMDB<\/a><\/span> <\/span><\/p>\n\n\n\n<h3 class=\"gb-headline gb-headline-cb52d27a gb-headline-text\">Jaibo Films<\/h3>\n\n\n\n<p> <strong>Jaibo Films<\/strong> se cre\u00f3 en 2006, tras el \u00e9xito de <em>La Casa de Mi Abuela<\/em>, con el objetivo de realizar cine de autor y apoyar nuevos talentos. La misi\u00f3n de Jaibo Films es la producci\u00f3n de proyectos independientes con una especial sensibilidad creativa. <\/p>\n\n\n\n<p>En la actualidad se encuentra inmersa en la creaci\u00f3n de largometrajes de ficci\u00f3n y animaci\u00f3n, cortometrajes y documentales; y constantemente receptiva a nuevos lenguajes audiovisuales.<\/p>\n\n\n\n<p>Durante su trayectoria, <strong>Jaibo Films<\/strong> ha recibido cientos de selecciones y m\u00e1s de <strong>200 premios internacionales<\/strong> en festivales como <strong>Cracovia, Locarno, M\u00e1laga, Mar de Plata, Shanghai, San Sebasti\u00e1n, Premios Goya, Feroz, Fotogramas, Gaud\u00ed, Berlanga<\/strong> o <strong>New York Emmys<\/strong>.<\/p>\n\n\n\n<p class=\"gb-headline gb-headline-34a0253b\"><span class=\"gb-icon\"><svg xmlns=\"http:\/\/www.w3.org\/2000\/svg\" aria-hidden=\"true\" role=\"img\" height=\"1em\" width=\"1em\" viewbox=\"0 0 384 512\"><path fill=\"currentColor\" d=\"M172.268 501.67C26.97 291.031 0 269.413 0 192 0 85.961 85.961 0 192 0s192 85.961 192 192c0 77.413-26.97 99.031-172.268 309.67-9.535 13.774-29.93 13.773-39.464 0zM192 272c44.183 0 80-35.817 80-80s-35.817-80-80-80-80 35.817-80 80 35.817 80 80 80z\"><\/path><\/svg><\/span><span class=\"gb-headline-text\"><span class=\"gb-headline-text\">Alicante<\/span><\/span><\/p>\n\n\n\n<p class=\"gb-headline gb-headline-0e2634a4\"><span class=\"gb-icon\"><svg xmlns=\"http:\/\/www.w3.org\/2000\/svg\" class=\"bi bi-globe2\" fill=\"currentColor\" height=\"16\" width=\"16\">   <path d=\"M0 8a8 8 0 1 1 16 0A8 8 0 0 1 0 8m7.5-6.923c-.67.204-1.335.82-1.887 1.855q-.215.403-.395.872c.705.157 1.472.257 2.282.287zM4.249 3.539q.214-.577.481-1.078a7 7 0 0 1 .597-.933A7 7 0 0 0 3.051 3.05q.544.277 1.198.49zM3.509 7.5c.036-1.07.188-2.087.436-3.008a9 9 0 0 1-1.565-.667A6.96 6.96 0 0 0 1.018 7.5zm1.4-2.741a12.3 12.3 0 0 0-.4 2.741H7.5V5.091c-.91-.03-1.783-.145-2.591-.332M8.5 5.09V7.5h2.99a12.3 12.3 0 0 0-.399-2.741c-.808.187-1.681.301-2.591.332zM4.51 8.5c.035.987.176 1.914.399 2.741A13.6 13.6 0 0 1 7.5 10.91V8.5zm3.99 0v2.409c.91.03 1.783.145 2.591.332.223-.827.364-1.754.4-2.741zm-3.282 3.696q.18.469.395.872c.552 1.035 1.218 1.65 1.887 1.855V11.91c-.81.03-1.577.13-2.282.287zm.11 2.276a7 7 0 0 1-.598-.933 9 9 0 0 1-.481-1.079 8.4 8.4 0 0 0-1.198.49 7 7 0 0 0 2.276 1.522zm-1.383-2.964A13.4 13.4 0 0 1 3.508 8.5h-2.49a6.96 6.96 0 0 0 1.362 3.675c.47-.258.995-.482 1.565-.667m6.728 2.964a7 7 0 0 0 2.275-1.521 8.4 8.4 0 0 0-1.197-.49 9 9 0 0 1-.481 1.078 7 7 0 0 1-.597.933M8.5 11.909v3.014c.67-.204 1.335-.82 1.887-1.855q.216-.403.395-.872A12.6 12.6 0 0 0 8.5 11.91zm3.555-.401c.57.185 1.095.409 1.565.667A6.96 6.96 0 0 0 14.982 8.5h-2.49a13.4 13.4 0 0 1-.437 3.008M14.982 7.5a6.96 6.96 0 0 0-1.362-3.675c-.47.258-.995.482-1.565.667.248.92.4 1.938.437 3.008zM11.27 2.461q.266.502.482 1.078a8.4 8.4 0 0 0 1.196-.49 7 7 0 0 0-2.275-1.52c.218.283.418.597.597.932m-.488 1.343a8 8 0 0 0-.395-.872C9.835 1.897 9.17 1.282 8.5 1.077V4.09c.81-.03 1.577-.13 2.282-.287z\"><\/path> <\/svg><\/span><span class=\"gb-headline-text\"><span class=\"gb-headline-text\"><a title=\"\" href=\"https:\/\/jaibofilms.com\/\" target=\"_blank\" rel=\"noopener nofollow\">Jaibo Films<\/a><\/span><\/span><\/p>\n\n<\/div><\/div>\n\n<div class=\"gb-grid-column gb-grid-column-4983cb73\"><div class=\"gb-container gb-container-4983cb73\">\n\n<figure class=\"wp-block-image size-full\"><img loading=\"lazy\" decoding=\"async\" width=\"700\" height=\"700\" src=\"https:\/\/www.edav.es\/wp-content\/uploads\/2025\/06\/One-to-one-Gustavo-Ferrada-MEDIACREST.jpg\" alt=\"Gustavo Ferrada\" class=\"wp-image-11748\" srcset=\"https:\/\/www.edav.es\/wp-content\/uploads\/2025\/06\/One-to-one-Gustavo-Ferrada-MEDIACREST.jpg 700w, https:\/\/www.edav.es\/wp-content\/uploads\/2025\/06\/One-to-one-Gustavo-Ferrada-MEDIACREST-300x300.jpg 300w, https:\/\/www.edav.es\/wp-content\/uploads\/2025\/06\/One-to-one-Gustavo-Ferrada-MEDIACREST-150x150.jpg 150w\" sizes=\"auto, (max-width: 700px) 100vw, 700px\" \/><\/figure>\n\n<\/div><\/div>\n\n<div class=\"gb-grid-column gb-grid-column-ea7ec89d\"><div class=\"gb-container gb-container-ea7ec89d\">\n\n<h2 class=\"gb-headline gb-headline-28d10d2c gb-headline-text\">Gustavo Ferrada<\/h2>\n\n\n\n<p class=\"gb-headline gb-headline-2ed445a2 gb-headline-text\">Director<\/p>\n\n\n\n<p>En la actualidad, ejerce el cargo de Director del \u00c1rea de Ficci\u00f3n de <strong>MEDIACREST<\/strong>. Anteriormente, tras su paso por TVE como Director del \u00c1rea de Cine entre noviembre de 2007 y junio de 2010, fund\u00f3 <strong>CONVOY FILMS<\/strong>, desde donde ha producido y participado en varios proyectos cinematogr\u00e1ficos. <\/p>\n\n\n\n<p>Asimismo, trabaj\u00f3 como Director del \u00c1rea de Producci\u00f3n y Productor cinematogr\u00e1fico en <strong>SOGETEL<\/strong> y <strong>SOGECINE<\/strong> desde Agosto de 1996 hasta septiembre de 2007, como responsable de adquisiciones de cine espa\u00f1ol e independiente en Canal + desde marzo de 1993 hasta Julio de 1996 y como director free-lance. Ha participado como productor o productor ejecutivo en largometrajes cinematogr\u00e1ficos de directores como: Nacho G. Velilla, Juan Jos\u00e9 Campanella, Sergio Pablos, Mar\u00eda Ripoll, \u00c1lex de la Iglesia, Enrique Urbizu, Mateo Gil, Javier Fesser o Isabel Coixet, entre otros y en 2025 ha estrenado su primera serie, <em>Asuntos Internos<\/em> producida en Mediacrest para RTVE.  <\/p>\n\n\n\n<h3 class=\"gb-headline gb-headline-ee3eff70 gb-headline-text\">MEDIACREST<\/h3>\n\n\n\n<p>Productora audiovisual con sede en Barcelona y Madrid, que naci\u00f3 con un objetivo claro: aunar calidad, talento y agilidad. Gustavo Ferrada, productor de m\u00e1s de 25 largometrajes como <em>Klaus<\/em> (Sergio Pablos), <em>Futbol\u00edn<\/em> (J. J. Campanella), o <em>Crimen ferpecto<\/em> (\u00c1lex de la Iglesia), dirige el equipo de Ficci\u00f3n de Mediacrest. <\/p>\n\n\n\n<p>En 2025, Mediacrest estrena en RTVE su primera serie, <em>Asuntos Internos<\/em>; as\u00ed como la co-producci\u00f3n <em>Daniela Forever<\/em>, largometraje de Nacho Vigalondo que inaugur\u00f3 la Secci\u00f3n Platform del Festival de Toronto, y el largometraje documental <em>The Sleeper<\/em>, co-producci\u00f3n entre Espa\u00f1a e Italia. En la actualidad, el largometraje <em>El Fantasma de Mi Mujer<\/em>, dirigido por Mar\u00eda Ripoll, se encuentra en fase de post-producci\u00f3n. <\/p>\n\n\n\n<p>Mediacrest es tambi\u00e9n una de las productoras l\u00edderes de entretenimiento en Espa\u00f1a, con producciones como <em>\u00a1Boom!<\/em> (Cuatro), <em>El Cazador<\/em> (catorce temporadas en La 1), <em>The Floor<\/em> (Antena 3), o la docuserie <em>Cr\u00f3nicas del zoo<\/em> (Discovery).<\/p>\n\n\n\n<p class=\"gb-headline gb-headline-e8e7cc54\"><span class=\"gb-icon\"><svg xmlns=\"http:\/\/www.w3.org\/2000\/svg\" aria-hidden=\"true\" role=\"img\" height=\"1em\" width=\"1em\" viewbox=\"0 0 384 512\"><path fill=\"currentColor\" d=\"M172.268 501.67C26.97 291.031 0 269.413 0 192 0 85.961 85.961 0 192 0s192 85.961 192 192c0 77.413-26.97 99.031-172.268 309.67-9.535 13.774-29.93 13.773-39.464 0zM192 272c44.183 0 80-35.817 80-80s-35.817-80-80-80-80 35.817-80 80 35.817 80 80 80z\"><\/path><\/svg><\/span><span class=\"gb-headline-text\"><span class=\"gb-headline-text\">Barcelona-Madrid<\/span><\/span><\/p>\n\n\n\n<p class=\"gb-headline gb-headline-5142a0e8\"><span class=\"gb-icon\"><svg xmlns=\"http:\/\/www.w3.org\/2000\/svg\" class=\"bi bi-globe2\" fill=\"currentColor\" height=\"16\" width=\"16\">   <path d=\"M0 8a8 8 0 1 1 16 0A8 8 0 0 1 0 8m7.5-6.923c-.67.204-1.335.82-1.887 1.855q-.215.403-.395.872c.705.157 1.472.257 2.282.287zM4.249 3.539q.214-.577.481-1.078a7 7 0 0 1 .597-.933A7 7 0 0 0 3.051 3.05q.544.277 1.198.49zM3.509 7.5c.036-1.07.188-2.087.436-3.008a9 9 0 0 1-1.565-.667A6.96 6.96 0 0 0 1.018 7.5zm1.4-2.741a12.3 12.3 0 0 0-.4 2.741H7.5V5.091c-.91-.03-1.783-.145-2.591-.332M8.5 5.09V7.5h2.99a12.3 12.3 0 0 0-.399-2.741c-.808.187-1.681.301-2.591.332zM4.51 8.5c.035.987.176 1.914.399 2.741A13.6 13.6 0 0 1 7.5 10.91V8.5zm3.99 0v2.409c.91.03 1.783.145 2.591.332.223-.827.364-1.754.4-2.741zm-3.282 3.696q.18.469.395.872c.552 1.035 1.218 1.65 1.887 1.855V11.91c-.81.03-1.577.13-2.282.287zm.11 2.276a7 7 0 0 1-.598-.933 9 9 0 0 1-.481-1.079 8.4 8.4 0 0 0-1.198.49 7 7 0 0 0 2.276 1.522zm-1.383-2.964A13.4 13.4 0 0 1 3.508 8.5h-2.49a6.96 6.96 0 0 0 1.362 3.675c.47-.258.995-.482 1.565-.667m6.728 2.964a7 7 0 0 0 2.275-1.521 8.4 8.4 0 0 0-1.197-.49 9 9 0 0 1-.481 1.078 7 7 0 0 1-.597.933M8.5 11.909v3.014c.67-.204 1.335-.82 1.887-1.855q.216-.403.395-.872A12.6 12.6 0 0 0 8.5 11.91zm3.555-.401c.57.185 1.095.409 1.565.667A6.96 6.96 0 0 0 14.982 8.5h-2.49a13.4 13.4 0 0 1-.437 3.008M14.982 7.5a6.96 6.96 0 0 0-1.362-3.675c-.47.258-.995.482-1.565.667.248.92.4 1.938.437 3.008zM11.27 2.461q.266.502.482 1.078a8.4 8.4 0 0 0 1.196-.49 7 7 0 0 0-2.275-1.52c.218.283.418.597.597.932m-.488 1.343a8 8 0 0 0-.395-.872C9.835 1.897 9.17 1.282 8.5 1.077V4.09c.81-.03 1.577-.13 2.282-.287z\"><\/path> <\/svg><\/span><span class=\"gb-headline-text\"><span class=\"gb-headline-text\"><a title=\"\" href=\"https:\/\/mediacrest.com\/es\" target=\"_blank\" rel=\"noopener nofollow\">MEDIACREST<\/a><\/span><\/span><\/p>\n\n<\/div><\/div>\n\n<div class=\"gb-grid-column gb-grid-column-6faee53f\"><div class=\"gb-container gb-container-6faee53f\">\n\n<figure class=\"wp-block-image size-full\"><img loading=\"lazy\" decoding=\"async\" width=\"700\" height=\"700\" src=\"https:\/\/www.edav.es\/wp-content\/uploads\/2025\/06\/One-to-one-Lorena-Lluch-MOD-Misent.jpg\" alt=\"Lorena Lluch - MOD Producciones - Misent Produccions\" class=\"wp-image-11845\" srcset=\"https:\/\/www.edav.es\/wp-content\/uploads\/2025\/06\/One-to-one-Lorena-Lluch-MOD-Misent.jpg 700w, https:\/\/www.edav.es\/wp-content\/uploads\/2025\/06\/One-to-one-Lorena-Lluch-MOD-Misent-300x300.jpg 300w, https:\/\/www.edav.es\/wp-content\/uploads\/2025\/06\/One-to-one-Lorena-Lluch-MOD-Misent-150x150.jpg 150w\" sizes=\"auto, (max-width: 700px) 100vw, 700px\" \/><\/figure>\n\n<\/div><\/div>\n\n<div class=\"gb-grid-column gb-grid-column-fb18a3ce\"><div class=\"gb-container gb-container-fb18a3ce\">\n\n<h2 class=\"gb-headline gb-headline-98abf504 gb-headline-text\">Lorena Lluch<\/h2>\n\n\n\n<p class=\"gb-headline gb-headline-43b2e331 gb-headline-text\">Productora<\/p>\n\n\n\n<p>Funda en 2014 la productora FILMEU, con sede en Valencia.<br\/>Desde 2017 a 2021 ostenta el cargo de Presidenta de la Asociaci\u00f3n valenciana de empresas productoras AVANT.<\/p>\n\n\n\n<p>Con amplia experiencia en el campo de la producci\u00f3n cinematogr\u00e1fica, ha producido las pioneras webseries \u201cLibres\u201d y \u201cEl Partido\u201d para Flooxer-Atresmedia, ambas dirigidas por \u00c1lex Rodrigo (\u201cVis a Vis\u201d, \u201cLa Casa de Papel\u201d, \u201cVeneno\u201d\u2026).<\/p>\n\n\n\n<p>En constante b\u00fasqueda de talento, produce la \u00f3pera prima \u201cAmar\u201d, de Esteban Crespo, en coproducci\u00f3n con Avalon y los cortometrajes \u201cUn Mill\u00f3n\u201d, tambi\u00e9n de \u00c1lex Rodrigo, \u00abLos Galgos\u00bb, de I\u00f1aki S\u00e1nchez-Arrieta, y \u201cMindanao\u201d, de Borja Soler, en coproducci\u00f3n con Caballo Films, nominado a Mejor corto de ficci\u00f3n en los Premios Goya 2022.<\/p>\n\n\n\n<p>Combina sus producciones propias con sus servicios de Producci\u00f3n ejecutiva y Direcci\u00f3n de producci\u00f3n, con el objetivo de atraer producci\u00f3n cinematogr\u00e1fica a la Comunidad Valenciana y potenciar as\u00ed el talento y la dinamizaci\u00f3n del sector audiovisual de su tierra. De estos servicios resultan producciones tales como \u201cLa Banda\u201d y \u201cLlenos de gracia\u201d, de Roberto Bueso\u201d, \u201cVivir dos veces\u201d, de Mar\u00eda Ripoll\u201d o \u201cVasil\u201d, de Avelina Prat. <\/p>\n\n\n\n<p>Desde enero de 2022 es la <strong>Directora de Producci\u00f3n de Mod Producciones y Misent Producciones<\/strong>: \u201cEl Campe\u00f3n\u201d, de Carlos Ther\u00f3n (Netflix Original), \u201cLos Destellos\u201d, de Pilar Palomero, \u201cLa Buena Letra\u201d, de Celia Rico, y pr\u00f3ximamente \u201cEl \u00daltimo Mono\u201d, de Joaqu\u00edn Maz\u00f3n, entre otros.<\/p>\n\n\n\n<p class=\"gb-headline gb-headline-1e40468c\"><span class=\"gb-icon\"><svg xmlns=\"http:\/\/www.w3.org\/2000\/svg\" class=\"bi bi-globe2\" fill=\"currentColor\" height=\"16\" width=\"16\">   <path d=\"M0 8a8 8 0 1 1 16 0A8 8 0 0 1 0 8m7.5-6.923c-.67.204-1.335.82-1.887 1.855q-.215.403-.395.872c.705.157 1.472.257 2.282.287zM4.249 3.539q.214-.577.481-1.078a7 7 0 0 1 .597-.933A7 7 0 0 0 3.051 3.05q.544.277 1.198.49zM3.509 7.5c.036-1.07.188-2.087.436-3.008a9 9 0 0 1-1.565-.667A6.96 6.96 0 0 0 1.018 7.5zm1.4-2.741a12.3 12.3 0 0 0-.4 2.741H7.5V5.091c-.91-.03-1.783-.145-2.591-.332M8.5 5.09V7.5h2.99a12.3 12.3 0 0 0-.399-2.741c-.808.187-1.681.301-2.591.332zM4.51 8.5c.035.987.176 1.914.399 2.741A13.6 13.6 0 0 1 7.5 10.91V8.5zm3.99 0v2.409c.91.03 1.783.145 2.591.332.223-.827.364-1.754.4-2.741zm-3.282 3.696q.18.469.395.872c.552 1.035 1.218 1.65 1.887 1.855V11.91c-.81.03-1.577.13-2.282.287zm.11 2.276a7 7 0 0 1-.598-.933 9 9 0 0 1-.481-1.079 8.4 8.4 0 0 0-1.198.49 7 7 0 0 0 2.276 1.522zm-1.383-2.964A13.4 13.4 0 0 1 3.508 8.5h-2.49a6.96 6.96 0 0 0 1.362 3.675c.47-.258.995-.482 1.565-.667m6.728 2.964a7 7 0 0 0 2.275-1.521 8.4 8.4 0 0 0-1.197-.49 9 9 0 0 1-.481 1.078 7 7 0 0 1-.597.933M8.5 11.909v3.014c.67-.204 1.335-.82 1.887-1.855q.216-.403.395-.872A12.6 12.6 0 0 0 8.5 11.91zm3.555-.401c.57.185 1.095.409 1.565.667A6.96 6.96 0 0 0 14.982 8.5h-2.49a13.4 13.4 0 0 1-.437 3.008M14.982 7.5a6.96 6.96 0 0 0-1.362-3.675c-.47.258-.995.482-1.565.667.248.92.4 1.938.437 3.008zM11.27 2.461q.266.502.482 1.078a8.4 8.4 0 0 0 1.196-.49 7 7 0 0 0-2.275-1.52c.218.283.418.597.597.932m-.488 1.343a8 8 0 0 0-.395-.872C9.835 1.897 9.17 1.282 8.5 1.077V4.09c.81-.03 1.577-.13 2.282-.287z\"><\/path> <\/svg><\/span><span class=\"gb-headline-text\"><span class=\"gb-headline-text\"><a href=\"https:\/\/www.imdb.com\/name\/nm5417816\/\" target=\"_blank\" rel=\"noopener nofollow\" title=\"\">Lorena Lluch en IMDB<\/a><\/span> <\/span><\/p>\n\n\n\n<h3 class=\"gb-headline gb-headline-451fc56a gb-headline-text\">MOD Producciones<\/h3>\n\n\n\n<p>MOD es una productora de cine y televisi\u00f3n creada en 2007 por Fernando Bovaira, que en su amplia trayectoria profesional ha estado al frente de algunos de los t\u00edtulos de mayor \u00e9xito de nuestra cinematograf\u00eda.<\/p>\n\n\n\n<p>Pel\u00edculas como <strong>Los otros<\/strong>, <strong>Mar adentro<\/strong> (Oscar\u00ae a la Mejor Pel\u00edcula de Habla no Inglesa) de Alejandro Amen\u00e1bar, <strong>Luc\u00eda y el sexo<\/strong>, de Julio Medem o <strong>La lengua de las mariposas<\/strong> de Jos\u00e9 Luis Cuerda, son algunos de t\u00edtulos que prefiguraron la impronta de calidad y conexi\u00f3n con la taquilla bajo la que nacer\u00eda Mod.<\/p>\n\n\n\n<p>As\u00ed, Mod inaugura su l\u00ednea de producci\u00f3n con pel\u00edculas como <strong>\u00c1gora<\/strong>, de Alejandro Amen\u00e1bar -presentada en el Festival de Cannes y pel\u00edcula m\u00e1s taquillera del a\u00f1o- o <strong>Biutiful<\/strong>, de Alejandro G. I\u00f1\u00e1rritu -Premio al Mejor Actor en Cannes y nominada al Oscar\u00ae como Mejor Pel\u00edcula de Habla no Inglesa-. Desde entonces, ha continuado produciendo pel\u00edculas de gran \u00e9xito entre cr\u00edtica y p\u00fablico como <strong>Can\u00edbal<\/strong>, de Manuel Mart\u00edn Cuenca, <strong>La gran familia espa\u00f1ola<\/strong> y <strong>Primos<\/strong>, ambas de Daniel S\u00e1nchez Ar\u00e9valo; <strong>Promoci\u00f3n fantasma<\/strong>, de Javier Ruiz Caldera o, m\u00e1s recientemente, Lo dejo cuando quiera, de Carlos Ther\u00f3n, o <strong>Mientras dure la guerra<\/strong>, de Alejandro Amen\u00e1bar. <\/p>\n\n\n\n<p>Las producciones de Mod tambi\u00e9n han destacado en el \u00e1mbito televisivo, con series como <strong>Crematorio<\/strong>, dirigida por Jorge S\u00e1nchez-Cabezudo o <strong>El d\u00eda de ma\u00f1ana<\/strong>, dirigida por Mariano Barroso.<\/p>\n\n\n\n<p>En el a\u00f1o 2021 estrena <strong>La Hija<\/strong>, de Manuel Mart\u00edn Cuenca, y <strong>La Fortuna<\/strong>, la primera incursi\u00f3n en las series de televisi\u00f3n de Alejandro Amen\u00e1bar. Al a\u00f1o siguiente se estrenan en salas <strong>Llenos de gracia<\/strong>, de Roberto Bueso, y <strong>La vida padre<\/strong>, de Joaqu\u00edn Maz\u00f3n. <\/p>\n\n\n\n<p>A finales de 2023, Amazon Prime lanza con gran \u00e9xito la ambiciosa serie <strong>Los Farad<\/strong>, dirigida por Mariano Barroso. En febrero de 2024 llega a las salas <strong>La estrella azul<\/strong>, \u00f3pera prima de Javier Macipe. En verano de ese mismo a\u00f1o se estrena <strong>El Campe\u00f3n<\/strong>, pel\u00edcula original de Netflix dirigida por Carlos Ther\u00f3n; y en en oto\u00f1o, tras su exitoso paso por el Festival de San Sebasti\u00e1n, llega a las pantallas <strong>Los destellos<\/strong>, la tercera pel\u00edcula de Pilar Palomero. En 2025, tras su paso por el festival de M\u00e1laga, se estrena <strong>La buena letra<\/strong>, tercer largometraje de Celia Rico. <strong>El Cautivo<\/strong>, dirigida por Alejandro Amen\u00e1bar, tiene prevista su llegada a las salas en oto\u00f1o de este mismo a\u00f1o.   <\/p>\n\n\n\n<p class=\"gb-headline gb-headline-fc7f16dc\"><span class=\"gb-icon\"><svg xmlns=\"http:\/\/www.w3.org\/2000\/svg\" aria-hidden=\"true\" role=\"img\" height=\"1em\" width=\"1em\" viewbox=\"0 0 384 512\"><path fill=\"currentColor\" d=\"M172.268 501.67C26.97 291.031 0 269.413 0 192 0 85.961 85.961 0 192 0s192 85.961 192 192c0 77.413-26.97 99.031-172.268 309.67-9.535 13.774-29.93 13.773-39.464 0zM192 272c44.183 0 80-35.817 80-80s-35.817-80-80-80-80 35.817-80 80 35.817 80 80 80z\"><\/path><\/svg><\/span><span class=\"gb-headline-text\"><span class=\"gb-headline-text\">Madrid<\/span><\/span><\/p>\n\n\n\n<h3 class=\"gb-headline gb-headline-ce70b633 gb-headline-text\">MISENT Producciones<\/h3>\n\n\n\n<p>MISENT PRODUCCIONES es una empresa que nace con vocaci\u00f3n de liderazgo en el sector audiovisual. Su l\u00ednea de producci\u00f3n supone una apuesta clara por el talento surgido de la Comunidad Valenciana, con miras a crear obras audiovisuales con los m\u00e1s altos est\u00e1ndares de calidad para el mercado nacional e internacional. <\/p>\n\n\n\n<p>El primer proyecto de Misent Producciones fue el largometraje <strong>Fin<\/strong> (2012), dirigido por el alicantino Jorge Torregrossa y basado en la novela hom\u00f3nima y best seller de David Monteagudo. El siguiente largometraje de la productora fue <strong>La Banda<\/strong> (2019), \u00f3pera prima de Roberto Bueso, rodada enteramente en valenciano, con actores locales, con el apoyo del IVC y estrenada en el Festival de M\u00e1laga de 2019, cosechando muy buenas cr\u00edticas. <\/p>\n\n\n\n<p>En junio de 2022 llega a las salas <strong>Llenos de Gracia<\/strong>, segunda pel\u00edcula del director valenciano y merecedora tambi\u00e9n del apoyo institucional del IVC, adem\u00e1s de ICAA y TVE.<\/p>\n\n\n\n<p>En 2024, Misent rueda <strong>La Buena Letra<\/strong>, tercer largometraje de la directora Celia Rico y adaptaci\u00f3n de la novela hom\u00f3nima de Rafael Chirbes. En paralelo, la productora se encuentra ultimando la posproducci\u00f3n de dos pel\u00edculas: <strong>Los destellos<\/strong>, dirigida por Pilar Palomero, con fecha de estreno el 4 de octubre de 2024, despu\u00e9s de su exitosa premi\u00e8re en el Festival de San Sebasti\u00e1n, y <strong>El Cautivo<\/strong>, de Alejandro Amen\u00e1bar, que llegar\u00e1 a las pantallas previsiblemente en 2025. <\/p>\n\n\n\n<p>Entre los socios fundadores de Misent Producciones se encuentra Fernando Bovaira, natural de Castell\u00f3n de la Plana, con una dilatada y exitosa carrera cinematogr\u00e1fica a sus espaldas. <\/p>\n\n\n\n<p class=\"gb-headline gb-headline-7a7427a5\"><span class=\"gb-icon\"><svg xmlns=\"http:\/\/www.w3.org\/2000\/svg\" aria-hidden=\"true\" role=\"img\" height=\"1em\" width=\"1em\" viewbox=\"0 0 384 512\"><path fill=\"currentColor\" d=\"M172.268 501.67C26.97 291.031 0 269.413 0 192 0 85.961 85.961 0 192 0s192 85.961 192 192c0 77.413-26.97 99.031-172.268 309.67-9.535 13.774-29.93 13.773-39.464 0zM192 272c44.183 0 80-35.817 80-80s-35.817-80-80-80-80 35.817-80 80 35.817 80 80 80z\"><\/path><\/svg><\/span><span class=\"gb-headline-text\"><span class=\"gb-headline-text\">Val\u00e8ncia<\/span><\/span><\/p>\n\n<\/div><\/div>\n\n<div class=\"gb-grid-column gb-grid-column-8ffbe541\"><div class=\"gb-container gb-container-8ffbe541\">\n\n<figure class=\"wp-block-image size-full\"><img loading=\"lazy\" decoding=\"async\" width=\"700\" height=\"743\" src=\"https:\/\/www.edav.es\/wp-content\/uploads\/2025\/06\/One-to-one-Ana-Ramon-Rubio-Nadie-es-perfecto.jpg\" alt=\"Ana Ram&#xF3;n Rubio\" class=\"wp-image-11752\" srcset=\"https:\/\/www.edav.es\/wp-content\/uploads\/2025\/06\/One-to-one-Ana-Ramon-Rubio-Nadie-es-perfecto.jpg 700w, https:\/\/www.edav.es\/wp-content\/uploads\/2025\/06\/One-to-one-Ana-Ramon-Rubio-Nadie-es-perfecto-283x300.jpg 283w\" sizes=\"auto, (max-width: 700px) 100vw, 700px\" \/><\/figure>\n\n<\/div><\/div>\n\n<div class=\"gb-grid-column gb-grid-column-b4a5090e\"><div class=\"gb-container gb-container-b4a5090e\">\n\n<h2 class=\"gb-headline gb-headline-293fe9c2 gb-headline-text\">Ana Ram\u00f3n Rubio<\/h2>\n\n\n\n<p class=\"gb-headline gb-headline-072ef023 gb-headline-text\">Directora, guionista y productora valenciana<\/p>\n\n\n\n<p>Tras dirigir series como <em>La Vall<\/em> (\u00c0 Punt M\u00e9dia) o <em>Todos quer\u00edamos matar al presidente<\/em> (Prime video), dirige su primer largometraje, <em>Almost Ghosts<\/em> (2019). \u00c9ste fue premiado como Mejor Documental en el Arizona International Film Festival tras su estreno en la SEMINCI. En 2023 estren\u00f3 <em>Bull Run<\/em>, la primera comedia documental sobre criptomonedas, que se present\u00f3 en el prestigioso DOC NYC y gan\u00f3 el Premio Berlanga a Mejor Documental. Actualmente rueda <em>Rid\u00edculo<\/em>, pel\u00edcula inspirada en el corto nominado al Goya <em>Una terapia de mierda<\/em>, del que tambi\u00e9n es coguionista. Se encuentra en fase de preproducci\u00f3n de <em>Buitres<\/em>, centrado en las actuaciones de fondos buitre en Europa y desde octubre de 2024, forma parte de la productora <strong>Nadie es Perfecto<\/strong>, desde donde impulsa nuevos proyectos audiovisuales en la Comunidad Valenciana, tanto de ficci\u00f3n como de documental.    <\/p>\n\n\n\n<p class=\"gb-headline gb-headline-85aba019\"><span class=\"gb-icon\"><svg xmlns=\"http:\/\/www.w3.org\/2000\/svg\" aria-hidden=\"true\" role=\"img\" height=\"1em\" width=\"1em\" viewbox=\"0 0 448 512\"><path fill=\"currentColor\" d=\"M224.1 141c-63.6 0-114.9 51.3-114.9 114.9s51.3 114.9 114.9 114.9S339 319.5 339 255.9 287.7 141 224.1 141zm0 189.6c-41.1 0-74.7-33.5-74.7-74.7s33.5-74.7 74.7-74.7 74.7 33.5 74.7 74.7-33.6 74.7-74.7 74.7zm146.4-194.3c0 14.9-12 26.8-26.8 26.8-14.9 0-26.8-12-26.8-26.8s12-26.8 26.8-26.8 26.8 12 26.8 26.8zm76.1 27.2c-1.7-35.9-9.9-67.7-36.2-93.9-26.2-26.2-58-34.4-93.9-36.2-37-2.1-147.9-2.1-184.9 0-35.8 1.7-67.6 9.9-93.9 36.1s-34.4 58-36.2 93.9c-2.1 37-2.1 147.9 0 184.9 1.7 35.9 9.9 67.7 36.2 93.9s58 34.4 93.9 36.2c37 2.1 147.9 2.1 184.9 0 35.9-1.7 67.7-9.9 93.9-36.2 26.2-26.2 34.4-58 36.2-93.9 2.1-37 2.1-147.8 0-184.8zM398.8 388c-7.8 19.6-22.9 34.7-42.6 42.6-29.5 11.7-99.5 9-132.1 9s-102.7 2.6-132.1-9c-19.6-7.8-34.7-22.9-42.6-42.6-11.7-29.5-9-99.5-9-132.1s-2.6-102.7 9-132.1c7.8-19.6 22.9-34.7 42.6-42.6 29.5-11.7 99.5-9 132.1-9s102.7-2.6 132.1 9c19.6 7.8 34.7 22.9 42.6 42.6 11.7 29.5 9 99.5 9 132.1s2.7 102.7-9 132.1z\"><\/path><\/svg><\/span><span class=\"gb-headline-text\"><span class=\"gb-headline-text\"><a title=\"\" href=\"https:\/\/www.instagram.com\/anaramonrubio\" target=\"_blank\" rel=\"noopener nofollow\">@anaramonrubio<\/a><\/span><\/span><\/p>\n\n\n\n<h3 class=\"gb-headline gb-headline-e78a2d8e gb-headline-text\">Nadie es Perfecto<\/h3>\n\n\n\n<p>Productora de cine independiente fundada en el a\u00f1o 2000 por Kiko Mart\u00ednez, con presencia activa en la Comunidad Valenciana. A lo largo de m\u00e1s de dos d\u00e9cadas, ha producido cerca de 40 obras entre largometrajes, documentales y series de televisi\u00f3n. Su cat\u00e1logo incluye t\u00edtulos destacados como <em>Perfectos desconocidos<\/em>, <em>El bar<\/em>, <em>Pieles<\/em>, <em>Musara\u00f1as<\/em>, <em>Disco, Ibiza, Locom\u00eda<\/em> y <em>Mala Influencia<\/em>. Sus producciones han sido reconocidas con siete nominaciones a los Premios Goya y han participado en festivales internacionales como Berlinale, Toronto, San Sebasti\u00e1n y Sitges. La compa\u00f1\u00eda colabora con plataformas y cadenas como Netflix, Amazon Prime Video, RTVE, Movistar, Atresmedia y Mediaset. En su nueva etapa, impulsa proyectos desde Valencia, como <em>Looking for Michael<\/em> y <em>El pulso del agua<\/em>, reafirmando su compromiso con el talento local y el cine de autor con vocaci\u00f3n popular.     <\/p>\n\n\n\n<p class=\"gb-headline gb-headline-26a1ef52\"><span class=\"gb-icon\"><svg xmlns=\"http:\/\/www.w3.org\/2000\/svg\" aria-hidden=\"true\" role=\"img\" height=\"1em\" width=\"1em\" viewbox=\"0 0 384 512\"><path fill=\"currentColor\" d=\"M172.268 501.67C26.97 291.031 0 269.413 0 192 0 85.961 85.961 0 192 0s192 85.961 192 192c0 77.413-26.97 99.031-172.268 309.67-9.535 13.774-29.93 13.773-39.464 0zM192 272c44.183 0 80-35.817 80-80s-35.817-80-80-80-80 35.817-80 80 35.817 80 80 80z\"><\/path><\/svg><\/span><span class=\"gb-headline-text\"><span class=\"gb-headline-text\">Madrid<\/span><\/span><\/p>\n\n\n\n<p class=\"gb-headline gb-headline-24740461\"><span class=\"gb-icon\"><svg xmlns=\"http:\/\/www.w3.org\/2000\/svg\" class=\"bi bi-globe2\" fill=\"currentColor\" height=\"16\" width=\"16\">   <path d=\"M0 8a8 8 0 1 1 16 0A8 8 0 0 1 0 8m7.5-6.923c-.67.204-1.335.82-1.887 1.855q-.215.403-.395.872c.705.157 1.472.257 2.282.287zM4.249 3.539q.214-.577.481-1.078a7 7 0 0 1 .597-.933A7 7 0 0 0 3.051 3.05q.544.277 1.198.49zM3.509 7.5c.036-1.07.188-2.087.436-3.008a9 9 0 0 1-1.565-.667A6.96 6.96 0 0 0 1.018 7.5zm1.4-2.741a12.3 12.3 0 0 0-.4 2.741H7.5V5.091c-.91-.03-1.783-.145-2.591-.332M8.5 5.09V7.5h2.99a12.3 12.3 0 0 0-.399-2.741c-.808.187-1.681.301-2.591.332zM4.51 8.5c.035.987.176 1.914.399 2.741A13.6 13.6 0 0 1 7.5 10.91V8.5zm3.99 0v2.409c.91.03 1.783.145 2.591.332.223-.827.364-1.754.4-2.741zm-3.282 3.696q.18.469.395.872c.552 1.035 1.218 1.65 1.887 1.855V11.91c-.81.03-1.577.13-2.282.287zm.11 2.276a7 7 0 0 1-.598-.933 9 9 0 0 1-.481-1.079 8.4 8.4 0 0 0-1.198.49 7 7 0 0 0 2.276 1.522zm-1.383-2.964A13.4 13.4 0 0 1 3.508 8.5h-2.49a6.96 6.96 0 0 0 1.362 3.675c.47-.258.995-.482 1.565-.667m6.728 2.964a7 7 0 0 0 2.275-1.521 8.4 8.4 0 0 0-1.197-.49 9 9 0 0 1-.481 1.078 7 7 0 0 1-.597.933M8.5 11.909v3.014c.67-.204 1.335-.82 1.887-1.855q.216-.403.395-.872A12.6 12.6 0 0 0 8.5 11.91zm3.555-.401c.57.185 1.095.409 1.565.667A6.96 6.96 0 0 0 14.982 8.5h-2.49a13.4 13.4 0 0 1-.437 3.008M14.982 7.5a6.96 6.96 0 0 0-1.362-3.675c-.47.258-.995.482-1.565.667.248.92.4 1.938.437 3.008zM11.27 2.461q.266.502.482 1.078a8.4 8.4 0 0 0 1.196-.49 7 7 0 0 0-2.275-1.52c.218.283.418.597.597.932m-.488 1.343a8 8 0 0 0-.395-.872C9.835 1.897 9.17 1.282 8.5 1.077V4.09c.81-.03 1.577-.13 2.282-.287z\"><\/path> <\/svg><\/span><span class=\"gb-headline-text\"><span class=\"gb-headline-text\"><a title=\"\" href=\"https:\/\/nadieesperfecto.com\" target=\"_blank\" rel=\"noopener nofollow\">Nadie es perfecto<\/a><\/span><\/span><\/p>\n\n<\/div><\/div>\n\n<div class=\"gb-grid-column gb-grid-column-ce4ddcde\"><div class=\"gb-container gb-container-ce4ddcde\">\n\n<figure class=\"wp-block-image size-full\"><img loading=\"lazy\" decoding=\"async\" width=\"700\" height=\"658\" src=\"https:\/\/www.edav.es\/wp-content\/uploads\/2025\/06\/One-to-one-Eusebio-Diaz-PTMedia-.jpg\" alt=\"Eusebio D&#xED;az Manero\" class=\"wp-image-11758\" srcset=\"https:\/\/www.edav.es\/wp-content\/uploads\/2025\/06\/One-to-one-Eusebio-Diaz-PTMedia-.jpg 700w, https:\/\/www.edav.es\/wp-content\/uploads\/2025\/06\/One-to-one-Eusebio-Diaz-PTMedia--300x282.jpg 300w\" sizes=\"auto, (max-width: 700px) 100vw, 700px\" \/><\/figure>\n\n<\/div><\/div>\n\n<div class=\"gb-grid-column gb-grid-column-326fbee9\"><div class=\"gb-container gb-container-326fbee9\">\n\n<h2 class=\"gb-headline gb-headline-47cec68c gb-headline-text\">Eusebio D\u00edaz Manero<\/h2>\n\n\n\n<p class=\"gb-headline gb-headline-93b06c26 gb-headline-text\">Director de producci\u00f3n<\/p>\n\n\n\n<p>Trabaja en el mundo audiovisual desde el a\u00f1o 2000. Comienza en la televisi\u00f3n como subdirector del programa diario <em>En L\u00ednia<\/em> de la extinta Canal 9 y en la producci\u00f3n del Festival de Benidorm. En cine documental a dirigido la producci\u00f3n de los largometrajes <em>Nazdrave Amic!<\/em>, <em>Les Vides de La Pastora<\/em>, <em>Apag\u00f3n Nuclear<\/em>, <em>Goerlich: L\u2019Arquitecte que Somi\u00e0 la seua ciutat<\/em>, <em>El Precio del Oro<\/em> y <em>&lt;3U Carme<\/em>. En el apartado de ficci\u00f3n fue el dise\u00f1ador de producci\u00f3n de <em>Un Bany Propi<\/em> y se encarga del desarrollo de proyectos de la productora valenciana <strong>PTMedia<\/strong>.   <\/p>\n\n\n\n<p class=\"gb-headline gb-headline-58a50da3\"><span class=\"gb-icon\"><svg xmlns=\"http:\/\/www.w3.org\/2000\/svg\" aria-hidden=\"true\" role=\"img\" height=\"1em\" width=\"1em\" viewbox=\"0 0 448 512\"><path fill=\"currentColor\" d=\"M224.1 141c-63.6 0-114.9 51.3-114.9 114.9s51.3 114.9 114.9 114.9S339 319.5 339 255.9 287.7 141 224.1 141zm0 189.6c-41.1 0-74.7-33.5-74.7-74.7s33.5-74.7 74.7-74.7 74.7 33.5 74.7 74.7-33.6 74.7-74.7 74.7zm146.4-194.3c0 14.9-12 26.8-26.8 26.8-14.9 0-26.8-12-26.8-26.8s12-26.8 26.8-26.8 26.8 12 26.8 26.8zm76.1 27.2c-1.7-35.9-9.9-67.7-36.2-93.9-26.2-26.2-58-34.4-93.9-36.2-37-2.1-147.9-2.1-184.9 0-35.8 1.7-67.6 9.9-93.9 36.1s-34.4 58-36.2 93.9c-2.1 37-2.1 147.9 0 184.9 1.7 35.9 9.9 67.7 36.2 93.9s58 34.4 93.9 36.2c37 2.1 147.9 2.1 184.9 0 35.9-1.7 67.7-9.9 93.9-36.2 26.2-26.2 34.4-58 36.2-93.9 2.1-37 2.1-147.8 0-184.8zM398.8 388c-7.8 19.6-22.9 34.7-42.6 42.6-29.5 11.7-99.5 9-132.1 9s-102.7 2.6-132.1-9c-19.6-7.8-34.7-22.9-42.6-42.6-11.7-29.5-9-99.5-9-132.1s-2.6-102.7 9-132.1c7.8-19.6 22.9-34.7 42.6-42.6 29.5-11.7 99.5-9 132.1-9s102.7-2.6 132.1 9c19.6 7.8 34.7 22.9 42.6 42.6 11.7 29.5 9 99.5 9 132.1s2.7 102.7-9 132.1z\"><\/path><\/svg><\/span><span class=\"gb-headline-text\"><span class=\"gb-headline-text\"><a title=\"\" href=\"https:\/\/www.instagram.com\/eusebio_\" target=\"_blank\" rel=\"noopener nofollow\">@eusebio_<\/a><\/span><\/span><\/p>\n\n\n\n<h3 class=\"gb-headline gb-headline-37ca026f gb-headline-text\">PTMedia<\/h3>\n\n\n\n<p>Productora ubicada en la ciudad de Paterna. Tiene una larga trayectoria profesional en el mundo de la televisi\u00f3n y el cine. En el g\u00e9nero documental ha producido 13 largometrajes documentales entre los que se encuentran <em>The Cut<\/em>, nominado a los Premios Berlanga o <em>Goelich: L\u2019Arquitecte que Somi\u00e0 la seua ciutat<\/em> con gran \u00e9xito de taquilla.  <\/p>\n\n\n\n<p>En el apartado de ficci\u00f3n ha producido el largometraje documental <em>Un Bany Propi<\/em> seleccionado en el <strong>Festival Internacional de Shanghai<\/strong> y en la <strong>Mostra de Valencia<\/strong> entre otros festivales.<\/p>\n\n\n\n<p>Adem\u00e1s ha producido cortos como <em>Switched On<\/em> o una serie de animaci\u00f3n como <em>El Reino de Lili<\/em>.<\/p>\n\n\n\n<p>En la actualidad tenemos en marcha dos proyectos documentales, un largo de ficci\u00f3n y una serie de animaci\u00f3n adem\u00e1s de los nuevos proyectos que estamos desarrollando.<\/p>\n\n\n\n<p class=\"gb-headline gb-headline-9632d5dd\"><span class=\"gb-icon\"><svg xmlns=\"http:\/\/www.w3.org\/2000\/svg\" aria-hidden=\"true\" role=\"img\" height=\"1em\" width=\"1em\" viewbox=\"0 0 384 512\"><path fill=\"currentColor\" d=\"M172.268 501.67C26.97 291.031 0 269.413 0 192 0 85.961 85.961 0 192 0s192 85.961 192 192c0 77.413-26.97 99.031-172.268 309.67-9.535 13.774-29.93 13.773-39.464 0zM192 272c44.183 0 80-35.817 80-80s-35.817-80-80-80-80 35.817-80 80 35.817 80 80 80z\"><\/path><\/svg><\/span><span class=\"gb-headline-text\"><span class=\"gb-headline-text\">Paterna, Val\u00e8ncia<\/span><\/span><\/p>\n\n\n\n<p class=\"gb-headline gb-headline-5ef13acb\"><span class=\"gb-icon\"><svg xmlns=\"http:\/\/www.w3.org\/2000\/svg\" class=\"bi bi-globe2\" fill=\"currentColor\" height=\"16\" width=\"16\">   <path d=\"M0 8a8 8 0 1 1 16 0A8 8 0 0 1 0 8m7.5-6.923c-.67.204-1.335.82-1.887 1.855q-.215.403-.395.872c.705.157 1.472.257 2.282.287zM4.249 3.539q.214-.577.481-1.078a7 7 0 0 1 .597-.933A7 7 0 0 0 3.051 3.05q.544.277 1.198.49zM3.509 7.5c.036-1.07.188-2.087.436-3.008a9 9 0 0 1-1.565-.667A6.96 6.96 0 0 0 1.018 7.5zm1.4-2.741a12.3 12.3 0 0 0-.4 2.741H7.5V5.091c-.91-.03-1.783-.145-2.591-.332M8.5 5.09V7.5h2.99a12.3 12.3 0 0 0-.399-2.741c-.808.187-1.681.301-2.591.332zM4.51 8.5c.035.987.176 1.914.399 2.741A13.6 13.6 0 0 1 7.5 10.91V8.5zm3.99 0v2.409c.91.03 1.783.145 2.591.332.223-.827.364-1.754.4-2.741zm-3.282 3.696q.18.469.395.872c.552 1.035 1.218 1.65 1.887 1.855V11.91c-.81.03-1.577.13-2.282.287zm.11 2.276a7 7 0 0 1-.598-.933 9 9 0 0 1-.481-1.079 8.4 8.4 0 0 0-1.198.49 7 7 0 0 0 2.276 1.522zm-1.383-2.964A13.4 13.4 0 0 1 3.508 8.5h-2.49a6.96 6.96 0 0 0 1.362 3.675c.47-.258.995-.482 1.565-.667m6.728 2.964a7 7 0 0 0 2.275-1.521 8.4 8.4 0 0 0-1.197-.49 9 9 0 0 1-.481 1.078 7 7 0 0 1-.597.933M8.5 11.909v3.014c.67-.204 1.335-.82 1.887-1.855q.216-.403.395-.872A12.6 12.6 0 0 0 8.5 11.91zm3.555-.401c.57.185 1.095.409 1.565.667A6.96 6.96 0 0 0 14.982 8.5h-2.49a13.4 13.4 0 0 1-.437 3.008M14.982 7.5a6.96 6.96 0 0 0-1.362-3.675c-.47.258-.995.482-1.565.667.248.92.4 1.938.437 3.008zM11.27 2.461q.266.502.482 1.078a8.4 8.4 0 0 0 1.196-.49 7 7 0 0 0-2.275-1.52c.218.283.418.597.597.932m-.488 1.343a8 8 0 0 0-.395-.872C9.835 1.897 9.17 1.282 8.5 1.077V4.09c.81-.03 1.577-.13 2.282-.287z\"><\/path> <\/svg><\/span><span class=\"gb-headline-text\"><span class=\"gb-headline-text\"><a title=\"\" href=\"https:\/\/www.ptmedia.es\" target=\"_blank\" rel=\"noopener nofollow\">PTMedia<\/a><\/span><\/span><\/p>\n\n\n\n<p class=\"gb-headline gb-headline-56474169\"><span class=\"gb-icon\"><svg xmlns=\"http:\/\/www.w3.org\/2000\/svg\" aria-hidden=\"true\" role=\"img\" height=\"1em\" width=\"1em\" viewbox=\"0 0 448 512\"><path fill=\"currentColor\" d=\"M224.1 141c-63.6 0-114.9 51.3-114.9 114.9s51.3 114.9 114.9 114.9S339 319.5 339 255.9 287.7 141 224.1 141zm0 189.6c-41.1 0-74.7-33.5-74.7-74.7s33.5-74.7 74.7-74.7 74.7 33.5 74.7 74.7-33.6 74.7-74.7 74.7zm146.4-194.3c0 14.9-12 26.8-26.8 26.8-14.9 0-26.8-12-26.8-26.8s12-26.8 26.8-26.8 26.8 12 26.8 26.8zm76.1 27.2c-1.7-35.9-9.9-67.7-36.2-93.9-26.2-26.2-58-34.4-93.9-36.2-37-2.1-147.9-2.1-184.9 0-35.8 1.7-67.6 9.9-93.9 36.1s-34.4 58-36.2 93.9c-2.1 37-2.1 147.9 0 184.9 1.7 35.9 9.9 67.7 36.2 93.9s58 34.4 93.9 36.2c37 2.1 147.9 2.1 184.9 0 35.9-1.7 67.7-9.9 93.9-36.2 26.2-26.2 34.4-58 36.2-93.9 2.1-37 2.1-147.8 0-184.8zM398.8 388c-7.8 19.6-22.9 34.7-42.6 42.6-29.5 11.7-99.5 9-132.1 9s-102.7 2.6-132.1-9c-19.6-7.8-34.7-22.9-42.6-42.6-11.7-29.5-9-99.5-9-132.1s-2.6-102.7 9-132.1c7.8-19.6 22.9-34.7 42.6-42.6 29.5-11.7 99.5-9 132.1-9s102.7-2.6 132.1 9c19.6 7.8 34.7 22.9 42.6 42.6 11.7 29.5 9 99.5 9 132.1s2.7 102.7-9 132.1z\"><\/path><\/svg><\/span><span class=\"gb-headline-text\"><span class=\"gb-headline-text\"><a href=\"https:\/\/www.instagram.com\/pt.media_\">@pt.media_<\/a><\/span><\/span><\/p>\n\n<\/div><\/div>\n\n<div class=\"gb-grid-column gb-grid-column-7d628208\"><div class=\"gb-container gb-container-7d628208\">\n\n<figure class=\"wp-block-image size-full\"><img loading=\"lazy\" decoding=\"async\" width=\"700\" height=\"825\" src=\"https:\/\/www.edav.es\/wp-content\/uploads\/2025\/06\/One-to-one-Sergio-Castellote-PTMEdia.jpg\" alt=\"Sergio Castellote\" class=\"wp-image-11769\" srcset=\"https:\/\/www.edav.es\/wp-content\/uploads\/2025\/06\/One-to-one-Sergio-Castellote-PTMEdia.jpg 700w, https:\/\/www.edav.es\/wp-content\/uploads\/2025\/06\/One-to-one-Sergio-Castellote-PTMEdia-255x300.jpg 255w\" sizes=\"auto, (max-width: 700px) 100vw, 700px\" \/><\/figure>\n\n<\/div><\/div>\n\n<div class=\"gb-grid-column gb-grid-column-33aa8056\"><div class=\"gb-container gb-container-33aa8056\">\n\n<h2 class=\"gb-headline gb-headline-e860af4d gb-headline-text\">Sergio Castellote<\/h2>\n\n\n\n<p class=\"gb-headline gb-headline-86a5d0f3 gb-headline-text\">Asesor y productor asociado<\/p>\n\n\n\n<p>Sergio Castellote desarrolla su carrera audiovisual como cr\u00edtico y productor . Ha producido m\u00e1s de 20 pel\u00edculas destacando <em>Kanimambo<\/em>, <em>Enloquecidas<\/em>, <em>Visitante<\/em>, <em>Un bany propi<\/em> y <em>Olvido<\/em>, entre otras. Tambi\u00e9n ha sido miembro del comit\u00e9 de ayudas a la producci\u00f3n en el ICAA, en el IVAC y en Canarias.  <\/p>\n\n\n\n<p class=\"gb-headline gb-headline-7bb1afb7\"><span class=\"gb-icon\"><svg xmlns=\"http:\/\/www.w3.org\/2000\/svg\" aria-hidden=\"true\" role=\"img\" height=\"1em\" width=\"1em\" viewbox=\"0 0 448 512\"><path fill=\"currentColor\" d=\"M224.1 141c-63.6 0-114.9 51.3-114.9 114.9s51.3 114.9 114.9 114.9S339 319.5 339 255.9 287.7 141 224.1 141zm0 189.6c-41.1 0-74.7-33.5-74.7-74.7s33.5-74.7 74.7-74.7 74.7 33.5 74.7 74.7-33.6 74.7-74.7 74.7zm146.4-194.3c0 14.9-12 26.8-26.8 26.8-14.9 0-26.8-12-26.8-26.8s12-26.8 26.8-26.8 26.8 12 26.8 26.8zm76.1 27.2c-1.7-35.9-9.9-67.7-36.2-93.9-26.2-26.2-58-34.4-93.9-36.2-37-2.1-147.9-2.1-184.9 0-35.8 1.7-67.6 9.9-93.9 36.1s-34.4 58-36.2 93.9c-2.1 37-2.1 147.9 0 184.9 1.7 35.9 9.9 67.7 36.2 93.9s58 34.4 93.9 36.2c37 2.1 147.9 2.1 184.9 0 35.9-1.7 67.7-9.9 93.9-36.2 26.2-26.2 34.4-58 36.2-93.9 2.1-37 2.1-147.8 0-184.8zM398.8 388c-7.8 19.6-22.9 34.7-42.6 42.6-29.5 11.7-99.5 9-132.1 9s-102.7 2.6-132.1-9c-19.6-7.8-34.7-22.9-42.6-42.6-11.7-29.5-9-99.5-9-132.1s-2.6-102.7 9-132.1c7.8-19.6 22.9-34.7 42.6-42.6 29.5-11.7 99.5-9 132.1-9s102.7-2.6 132.1 9c19.6 7.8 34.7 22.9 42.6 42.6 11.7 29.5 9 99.5 9 132.1s2.7 102.7-9 132.1z\"><\/path><\/svg><\/span><span class=\"gb-headline-text\"><span class=\"gb-headline-text\"><a href=\"https:\/\/www.instagram.com\/scastellote93\">@scastellote93<\/a><\/span><\/span><\/p>\n\n\n\n<h3 class=\"gb-headline gb-headline-7de06aaa gb-headline-text\">PTMedia<\/h3>\n\n\n\n<p>Productora ubicada en la ciudad de Paterna. Tiene una larga trayectoria profesional en el mundo de la televisi\u00f3n y el cine. En el g\u00e9nero documental ha producido 13 largometrajes documentales entre los que se encuentran <em>The Cut<\/em>, nominado a los Premios Berlanga o <em>Goelich: L\u2019Arquitecte que Somi\u00e0 la seua ciutat<\/em> con gran \u00e9xito de taquilla.  <\/p>\n\n\n\n<p>En el apartado de ficci\u00f3n ha producido el largometraje documental <em>Un Bany Propi<\/em> seleccionado en el <strong>Festival Internacional de Shanghai<\/strong> y en la <strong>Mostra de Valencia<\/strong> entre otros festivales.<\/p>\n\n\n\n<p>Adem\u00e1s ha producido cortos como <em>Switched On<\/em> o una serie de animaci\u00f3n como <em>El Reino de Lili<\/em>.<\/p>\n\n\n\n<p>En la actualidad tenemos en marcha dos proyectos documentales, un largo de ficci\u00f3n y una serie de animaci\u00f3n adem\u00e1s de los nuevos proyectos que estamos desarrollando.<\/p>\n\n\n\n<p class=\"gb-headline gb-headline-a13f2d70\"><span class=\"gb-icon\"><svg xmlns=\"http:\/\/www.w3.org\/2000\/svg\" aria-hidden=\"true\" role=\"img\" height=\"1em\" width=\"1em\" viewbox=\"0 0 384 512\"><path fill=\"currentColor\" d=\"M172.268 501.67C26.97 291.031 0 269.413 0 192 0 85.961 85.961 0 192 0s192 85.961 192 192c0 77.413-26.97 99.031-172.268 309.67-9.535 13.774-29.93 13.773-39.464 0zM192 272c44.183 0 80-35.817 80-80s-35.817-80-80-80-80 35.817-80 80 35.817 80 80 80z\"><\/path><\/svg><\/span><span class=\"gb-headline-text\"><span class=\"gb-headline-text\">Paterna, Val\u00e8ncia<\/span><\/span><\/p>\n\n\n\n<p class=\"gb-headline gb-headline-0948ea45\"><span class=\"gb-icon\"><svg xmlns=\"http:\/\/www.w3.org\/2000\/svg\" class=\"bi bi-globe2\" fill=\"currentColor\" height=\"16\" width=\"16\">   <path d=\"M0 8a8 8 0 1 1 16 0A8 8 0 0 1 0 8m7.5-6.923c-.67.204-1.335.82-1.887 1.855q-.215.403-.395.872c.705.157 1.472.257 2.282.287zM4.249 3.539q.214-.577.481-1.078a7 7 0 0 1 .597-.933A7 7 0 0 0 3.051 3.05q.544.277 1.198.49zM3.509 7.5c.036-1.07.188-2.087.436-3.008a9 9 0 0 1-1.565-.667A6.96 6.96 0 0 0 1.018 7.5zm1.4-2.741a12.3 12.3 0 0 0-.4 2.741H7.5V5.091c-.91-.03-1.783-.145-2.591-.332M8.5 5.09V7.5h2.99a12.3 12.3 0 0 0-.399-2.741c-.808.187-1.681.301-2.591.332zM4.51 8.5c.035.987.176 1.914.399 2.741A13.6 13.6 0 0 1 7.5 10.91V8.5zm3.99 0v2.409c.91.03 1.783.145 2.591.332.223-.827.364-1.754.4-2.741zm-3.282 3.696q.18.469.395.872c.552 1.035 1.218 1.65 1.887 1.855V11.91c-.81.03-1.577.13-2.282.287zm.11 2.276a7 7 0 0 1-.598-.933 9 9 0 0 1-.481-1.079 8.4 8.4 0 0 0-1.198.49 7 7 0 0 0 2.276 1.522zm-1.383-2.964A13.4 13.4 0 0 1 3.508 8.5h-2.49a6.96 6.96 0 0 0 1.362 3.675c.47-.258.995-.482 1.565-.667m6.728 2.964a7 7 0 0 0 2.275-1.521 8.4 8.4 0 0 0-1.197-.49 9 9 0 0 1-.481 1.078 7 7 0 0 1-.597.933M8.5 11.909v3.014c.67-.204 1.335-.82 1.887-1.855q.216-.403.395-.872A12.6 12.6 0 0 0 8.5 11.91zm3.555-.401c.57.185 1.095.409 1.565.667A6.96 6.96 0 0 0 14.982 8.5h-2.49a13.4 13.4 0 0 1-.437 3.008M14.982 7.5a6.96 6.96 0 0 0-1.362-3.675c-.47.258-.995.482-1.565.667.248.92.4 1.938.437 3.008zM11.27 2.461q.266.502.482 1.078a8.4 8.4 0 0 0 1.196-.49 7 7 0 0 0-2.275-1.52c.218.283.418.597.597.932m-.488 1.343a8 8 0 0 0-.395-.872C9.835 1.897 9.17 1.282 8.5 1.077V4.09c.81-.03 1.577-.13 2.282-.287z\"><\/path> <\/svg><\/span><span class=\"gb-headline-text\"><span class=\"gb-headline-text\"><a title=\"\" href=\"https:\/\/www.ptmedia.es\" target=\"_blank\" rel=\"noopener nofollow\">PTMedia<\/a><\/span><\/span><\/p>\n\n\n\n<p class=\"gb-headline gb-headline-c6d88d38\"><span class=\"gb-icon\"><svg xmlns=\"http:\/\/www.w3.org\/2000\/svg\" aria-hidden=\"true\" role=\"img\" height=\"1em\" width=\"1em\" viewbox=\"0 0 448 512\"><path fill=\"currentColor\" d=\"M224.1 141c-63.6 0-114.9 51.3-114.9 114.9s51.3 114.9 114.9 114.9S339 319.5 339 255.9 287.7 141 224.1 141zm0 189.6c-41.1 0-74.7-33.5-74.7-74.7s33.5-74.7 74.7-74.7 74.7 33.5 74.7 74.7-33.6 74.7-74.7 74.7zm146.4-194.3c0 14.9-12 26.8-26.8 26.8-14.9 0-26.8-12-26.8-26.8s12-26.8 26.8-26.8 26.8 12 26.8 26.8zm76.1 27.2c-1.7-35.9-9.9-67.7-36.2-93.9-26.2-26.2-58-34.4-93.9-36.2-37-2.1-147.9-2.1-184.9 0-35.8 1.7-67.6 9.9-93.9 36.1s-34.4 58-36.2 93.9c-2.1 37-2.1 147.9 0 184.9 1.7 35.9 9.9 67.7 36.2 93.9s58 34.4 93.9 36.2c37 2.1 147.9 2.1 184.9 0 35.9-1.7 67.7-9.9 93.9-36.2 26.2-26.2 34.4-58 36.2-93.9 2.1-37 2.1-147.8 0-184.8zM398.8 388c-7.8 19.6-22.9 34.7-42.6 42.6-29.5 11.7-99.5 9-132.1 9s-102.7 2.6-132.1-9c-19.6-7.8-34.7-22.9-42.6-42.6-11.7-29.5-9-99.5-9-132.1s-2.6-102.7 9-132.1c7.8-19.6 22.9-34.7 42.6-42.6 29.5-11.7 99.5-9 132.1-9s102.7-2.6 132.1 9c19.6 7.8 34.7 22.9 42.6 42.6 11.7 29.5 9 99.5 9 132.1s2.7 102.7-9 132.1z\"><\/path><\/svg><\/span><span class=\"gb-headline-text\"><span class=\"gb-headline-text\"><a href=\"https:\/\/www.instagram.com\/pt.media_\">@pt.media_<\/a><\/span><\/span><\/p>\n\n<\/div><\/div>\n\n<div class=\"gb-grid-column gb-grid-column-12f9daa7\"><div class=\"gb-container gb-container-12f9daa7\">\n\n<figure class=\"wp-block-image size-full\"><img loading=\"lazy\" decoding=\"async\" width=\"700\" height=\"1082\" src=\"https:\/\/www.edav.es\/wp-content\/uploads\/2025\/06\/One-to-one-Almudena-Verdes-Silence.jpg\" alt=\"Almudena Verd&#xE9;s\" class=\"wp-image-11772\" srcset=\"https:\/\/www.edav.es\/wp-content\/uploads\/2025\/06\/One-to-one-Almudena-Verdes-Silence.jpg 700w, https:\/\/www.edav.es\/wp-content\/uploads\/2025\/06\/One-to-one-Almudena-Verdes-Silence-194x300.jpg 194w, https:\/\/www.edav.es\/wp-content\/uploads\/2025\/06\/One-to-one-Almudena-Verdes-Silence-662x1024.jpg 662w\" sizes=\"auto, (max-width: 700px) 100vw, 700px\" \/><\/figure>\n\n<\/div><\/div>\n\n<div class=\"gb-grid-column gb-grid-column-93b2e3b0\"><div class=\"gb-container gb-container-93b2e3b0\">\n\n<h2 class=\"gb-headline gb-headline-978129f6 gb-headline-text\">Almudena Verd\u00e9s<\/h2>\n\n\n\n<p class=\"gb-headline gb-headline-47fde461 gb-headline-text\">Productora<\/p>\n\n\n\n<p>Tras acabar sus estudios de Comunicaci\u00f3n Audiovisual en Espa\u00f1a y <strong>Master of Arts <\/strong>en la <strong>London Film School<\/strong> (beca de postgrado Conselleria de Juventud, Valencia), trabaja en multitud de \u00e1reas dentro de la producci\u00f3n audiovisual y comienza al mismo tiempo su Tesis doctoral. En el a\u00f1o 2011 funda <strong>Silence Comunicaci\u00f3n<\/strong>, destinada a la realizaci\u00f3n de trabajos publicitarios y mayoritariamente producciones audiovisuales. <\/p>\n\n\n\n<p>En la actualidad trabaja como productora, directora y guionista, habiendo escrito, dirigido y producido: 6 cortometrajes, 1 mediometraje y 5 largometrajes documentales con los que ha recorrido festivales nacionales e internacionales y obtenido premios al mejor gui\u00f3n, direcci\u00f3n, pel\u00edcula o actriz en algunas de sus producciones.<\/p>\n\n\n\n<p>En la actualidad tiene 5 producciones en marcha, 3 de ellas ya en pre produccion y dos en desarrollo. Adem\u00e1s, es docente en la <strong>Universitat Oberta de Catalu\u00f1a<\/strong>; grado de Gui\u00f3n y <em>storytelling<\/em>, es tutora del <strong>M\u00e1ster de gui\u00f3n<\/strong> de La escuela superior de cine <strong>Barreira I+D<\/strong> y colaboradora-autora en el programa <strong>HAZ<\/strong> de RTVE. <\/p>\n\n\n\n<h3 class=\"gb-headline gb-headline-6a11194f gb-headline-text\">Silence<\/h3>\n\n\n\n<p><strong>SILENCE<\/strong> es una productora audiovisual independiente creada a finales de 2011. Contin\u00faa de forma natural la actividad de <strong>Kaplan&amp;Kaplan producciones<\/strong> fundada originalmente en 2005. <\/p>\n\n\n\n<p>Desde su nacimiento, la empresa ha estado enfocada a la Expansi\u00f3n Internacional, estableciendo presencia en Francia y colaborando con diversos talentos de la industria cinematogr\u00e1fica global.<\/p>\n\n\n\n<p>Nuestra productora, est\u00e1 liderada por dos mujeres apasionadas de la narrativa audiovisual, la productora se ha centrado en crear contenido tanto documental como de ficci\u00f3n, que visibiliza historias de mujeres, explorando temas sociales, culturales y pol\u00edticos.<\/p>\n\n\n\n<p>Dentro de su equipo de creaci\u00f3n cinematogr\u00e1fica, cuenta con la productora ejecutiva <strong>Almudena Verd\u00e9s<\/strong> y con la directora de producci\u00f3n <strong>Eva Garc\u00eda<\/strong>, que, a lo largo de su trayectoria profesional en la producci\u00f3n audiovisual y la direcci\u00f3n, se han posicionado en el panorama valenciano y espa\u00f1ol.<\/p>\n\n\n\n<p>Desde <strong>Silence producci\u00f3n<\/strong>, apostamos por sumar al conocimiento riguroso del lenguaje cinematogr\u00e1fico, la innovaci\u00f3n y esp\u00edritu m\u00e1s transgresor de las historias que contamos.<\/p>\n\n\n\n<p>Actualmente estamos focalizadas en el desarrollo de nuestro primer largometraje de ficci\u00f3n; <em>LES FILLES<\/em> y nuestra miniserie, <em>SI VIENES<\/em>, ambas producciones cuentan con una proyecci\u00f3n internacional.<\/p>\n\n\n\n<p class=\"gb-headline gb-headline-f0830d0f\"><span class=\"gb-icon\"><svg xmlns=\"http:\/\/www.w3.org\/2000\/svg\" aria-hidden=\"true\" role=\"img\" height=\"1em\" width=\"1em\" viewbox=\"0 0 384 512\"><path fill=\"currentColor\" d=\"M172.268 501.67C26.97 291.031 0 269.413 0 192 0 85.961 85.961 0 192 0s192 85.961 192 192c0 77.413-26.97 99.031-172.268 309.67-9.535 13.774-29.93 13.773-39.464 0zM192 272c44.183 0 80-35.817 80-80s-35.817-80-80-80-80 35.817-80 80 35.817 80 80 80z\"><\/path><\/svg><\/span><span class=\"gb-headline-text\"><span class=\"gb-headline-text\">Val\u00e8ncia<\/span><\/span><\/p>\n\n\n\n<p class=\"gb-headline gb-headline-5db64ab8\"><span class=\"gb-icon\"><svg xmlns=\"http:\/\/www.w3.org\/2000\/svg\" class=\"bi bi-globe2\" fill=\"currentColor\" height=\"16\" width=\"16\">   <path d=\"M0 8a8 8 0 1 1 16 0A8 8 0 0 1 0 8m7.5-6.923c-.67.204-1.335.82-1.887 1.855q-.215.403-.395.872c.705.157 1.472.257 2.282.287zM4.249 3.539q.214-.577.481-1.078a7 7 0 0 1 .597-.933A7 7 0 0 0 3.051 3.05q.544.277 1.198.49zM3.509 7.5c.036-1.07.188-2.087.436-3.008a9 9 0 0 1-1.565-.667A6.96 6.96 0 0 0 1.018 7.5zm1.4-2.741a12.3 12.3 0 0 0-.4 2.741H7.5V5.091c-.91-.03-1.783-.145-2.591-.332M8.5 5.09V7.5h2.99a12.3 12.3 0 0 0-.399-2.741c-.808.187-1.681.301-2.591.332zM4.51 8.5c.035.987.176 1.914.399 2.741A13.6 13.6 0 0 1 7.5 10.91V8.5zm3.99 0v2.409c.91.03 1.783.145 2.591.332.223-.827.364-1.754.4-2.741zm-3.282 3.696q.18.469.395.872c.552 1.035 1.218 1.65 1.887 1.855V11.91c-.81.03-1.577.13-2.282.287zm.11 2.276a7 7 0 0 1-.598-.933 9 9 0 0 1-.481-1.079 8.4 8.4 0 0 0-1.198.49 7 7 0 0 0 2.276 1.522zm-1.383-2.964A13.4 13.4 0 0 1 3.508 8.5h-2.49a6.96 6.96 0 0 0 1.362 3.675c.47-.258.995-.482 1.565-.667m6.728 2.964a7 7 0 0 0 2.275-1.521 8.4 8.4 0 0 0-1.197-.49 9 9 0 0 1-.481 1.078 7 7 0 0 1-.597.933M8.5 11.909v3.014c.67-.204 1.335-.82 1.887-1.855q.216-.403.395-.872A12.6 12.6 0 0 0 8.5 11.91zm3.555-.401c.57.185 1.095.409 1.565.667A6.96 6.96 0 0 0 14.982 8.5h-2.49a13.4 13.4 0 0 1-.437 3.008M14.982 7.5a6.96 6.96 0 0 0-1.362-3.675c-.47.258-.995.482-1.565.667.248.92.4 1.938.437 3.008zM11.27 2.461q.266.502.482 1.078a8.4 8.4 0 0 0 1.196-.49 7 7 0 0 0-2.275-1.52c.218.283.418.597.597.932m-.488 1.343a8 8 0 0 0-.395-.872C9.835 1.897 9.17 1.282 8.5 1.077V4.09c.81-.03 1.577-.13 2.282-.287z\"><\/path> <\/svg><\/span><span class=\"gb-headline-text\"><span class=\"gb-headline-text\"><a title=\"\" href=\"https:\/\/silencecomunicacion.com\/\" target=\"_blank\" rel=\"noopener nofollow\">Silence<\/a><\/span><\/span><\/p>\n\n<\/div><\/div>\n\n<div class=\"gb-grid-column gb-grid-column-f05e04e3\"><div class=\"gb-container gb-container-f05e04e3\">\n\n<figure class=\"wp-block-image size-full\"><img loading=\"lazy\" decoding=\"async\" width=\"700\" height=\"700\" src=\"https:\/\/www.edav.es\/wp-content\/uploads\/2025\/06\/One-to-one-Joan-Montesinos-Aznar-Suma-Content.jpg\" alt=\"Joan Montesinos Aznar\" class=\"wp-image-11776\" srcset=\"https:\/\/www.edav.es\/wp-content\/uploads\/2025\/06\/One-to-one-Joan-Montesinos-Aznar-Suma-Content.jpg 700w, https:\/\/www.edav.es\/wp-content\/uploads\/2025\/06\/One-to-one-Joan-Montesinos-Aznar-Suma-Content-300x300.jpg 300w, https:\/\/www.edav.es\/wp-content\/uploads\/2025\/06\/One-to-one-Joan-Montesinos-Aznar-Suma-Content-150x150.jpg 150w\" sizes=\"auto, (max-width: 700px) 100vw, 700px\" \/><\/figure>\n\n<\/div><\/div>\n\n<div class=\"gb-grid-column gb-grid-column-a83f9615\"><div class=\"gb-container gb-container-a83f9615\">\n\n<h2 class=\"gb-headline gb-headline-2cc33e43 gb-headline-text\">Joan Montesinos Aznar<\/h2>\n\n\n\n<p class=\"gb-headline gb-headline-3eb43acc gb-headline-text\">Departamento de desarrollo Suma Content<\/p>\n\n\n\n<p>Joan Montesinos Aznar forma parte del departamento de desarrollo de Suma Content, productora creada por Javier Ambrossi y Javier Calvo. Anteriormente, ha trabajado en Amor y Lujo, Zeta Studios y Llu\u00eds Mi\u00f1arro. Los proyectos de los que ha formado parte han sido seleccionados en el R\u00f3terdam IFF, Festival de M\u00e1laga, Festival de Cine Europeo de Sevilla, Seminci, Mostra FIRE, Lesgaicinemad&#8230; entre otros.  <\/p>\n\n\n\n<p>Es miembro de la Acad\u00e8mia Valenciana de l&#8217;Audiovisual, ha dado clases en la ESCAC y organiza las Jornadas de representaci\u00f3n LGTBIQ+ en la Universitat Jaume I.<\/p>\n\n\n\n<p class=\"gb-headline gb-headline-2963ddf9\"><span class=\"gb-icon\"><svg xmlns=\"http:\/\/www.w3.org\/2000\/svg\" aria-hidden=\"true\" role=\"img\" height=\"1em\" width=\"1em\" viewbox=\"0 0 448 512\"><path fill=\"currentColor\" d=\"M224.1 141c-63.6 0-114.9 51.3-114.9 114.9s51.3 114.9 114.9 114.9S339 319.5 339 255.9 287.7 141 224.1 141zm0 189.6c-41.1 0-74.7-33.5-74.7-74.7s33.5-74.7 74.7-74.7 74.7 33.5 74.7 74.7-33.6 74.7-74.7 74.7zm146.4-194.3c0 14.9-12 26.8-26.8 26.8-14.9 0-26.8-12-26.8-26.8s12-26.8 26.8-26.8 26.8 12 26.8 26.8zm76.1 27.2c-1.7-35.9-9.9-67.7-36.2-93.9-26.2-26.2-58-34.4-93.9-36.2-37-2.1-147.9-2.1-184.9 0-35.8 1.7-67.6 9.9-93.9 36.1s-34.4 58-36.2 93.9c-2.1 37-2.1 147.9 0 184.9 1.7 35.9 9.9 67.7 36.2 93.9s58 34.4 93.9 36.2c37 2.1 147.9 2.1 184.9 0 35.9-1.7 67.7-9.9 93.9-36.2 26.2-26.2 34.4-58 36.2-93.9 2.1-37 2.1-147.8 0-184.8zM398.8 388c-7.8 19.6-22.9 34.7-42.6 42.6-29.5 11.7-99.5 9-132.1 9s-102.7 2.6-132.1-9c-19.6-7.8-34.7-22.9-42.6-42.6-11.7-29.5-9-99.5-9-132.1s-2.6-102.7 9-132.1c7.8-19.6 22.9-34.7 42.6-42.6 29.5-11.7 99.5-9 132.1-9s102.7-2.6 132.1 9c19.6 7.8 34.7 22.9 42.6 42.6 11.7 29.5 9 99.5 9 132.1s2.7 102.7-9 132.1z\"><\/path><\/svg><\/span><span class=\"gb-headline-text\"><span class=\"gb-headline-text\"><a title=\"\" href=\"https:\/\/www.instagram.com\/j.monaz\" target=\"_blank\" rel=\"noopener nofollow\">@j.monaz<\/a><\/span><\/span><\/p>\n\n\n\n<p class=\"gb-headline gb-headline-f6ff5302\"><span class=\"gb-icon\"><svg xmlns=\"http:\/\/www.w3.org\/2000\/svg\" aria-hidden=\"true\" role=\"img\" height=\"1em\" width=\"1em\" viewbox=\"0 0 512 512\"><path fill=\"currentColor\" d=\"M389.2 48h70.6L305.6 224.2 487 464H345L233.7 318.6 106.5 464H35.8L200.7 275.5 26.8 48H172.4L272.9 180.9 389.2 48zM364.4 421.8h39.1L151.1 88h-42L364.4 421.8z\"><\/path><\/svg><\/span><span class=\"gb-headline-text\"><span class=\"gb-headline-text\"><a title=\"\" href=\"https:\/\/x.com\/joan_monaz\" target=\"_blank\" rel=\"noopener nofollow\">@joan_monaz<\/a><\/span><\/span><\/p>\n\n\n\n<h3 class=\"gb-headline gb-headline-5d0d655f gb-headline-text\">Suma Content<\/h3>\n\n\n\n<p>Suma Content es una productora cuyos valores clave son la calidad, la autenticidad y el compromiso con la diversidad, unidos en nuestro sello para generar impacto social a trav\u00e9s de la cultura. Producimos y contamos historias \u00fanicas, inspiradoras y que rompan barreras; buscamos dar voz y libertad creativa para desarrollar contenidos y tem\u00e1ticas globales, que resuenen en la audiencia tanto a nivel nacional como internacional. <\/p>\n\n\n\n<p>&#8216;La Mes\u00edas&#8217;, &#8216;Cardo&#8217; y &#8216;Mariliendre&#8217; son algunas de nuestras producciones m\u00e1s recientes que apuestan por la diversidad, la calidad y las nuevas voces en nuestra industria.<\/p>\n\n\n\n<p class=\"gb-headline gb-headline-4b49b46f\"><span class=\"gb-icon\"><svg xmlns=\"http:\/\/www.w3.org\/2000\/svg\" aria-hidden=\"true\" role=\"img\" height=\"1em\" width=\"1em\" viewbox=\"0 0 384 512\"><path fill=\"currentColor\" d=\"M172.268 501.67C26.97 291.031 0 269.413 0 192 0 85.961 85.961 0 192 0s192 85.961 192 192c0 77.413-26.97 99.031-172.268 309.67-9.535 13.774-29.93 13.773-39.464 0zM192 272c44.183 0 80-35.817 80-80s-35.817-80-80-80-80 35.817-80 80 35.817 80 80 80z\"><\/path><\/svg><\/span><span class=\"gb-headline-text\"><span class=\"gb-headline-text\">Madrid<\/span><\/span><\/p>\n\n\n\n<p class=\"gb-headline gb-headline-e88c4ff4\"><span class=\"gb-icon\"><svg xmlns=\"http:\/\/www.w3.org\/2000\/svg\" class=\"bi bi-globe2\" fill=\"currentColor\" height=\"16\" width=\"16\">   <path d=\"M0 8a8 8 0 1 1 16 0A8 8 0 0 1 0 8m7.5-6.923c-.67.204-1.335.82-1.887 1.855q-.215.403-.395.872c.705.157 1.472.257 2.282.287zM4.249 3.539q.214-.577.481-1.078a7 7 0 0 1 .597-.933A7 7 0 0 0 3.051 3.05q.544.277 1.198.49zM3.509 7.5c.036-1.07.188-2.087.436-3.008a9 9 0 0 1-1.565-.667A6.96 6.96 0 0 0 1.018 7.5zm1.4-2.741a12.3 12.3 0 0 0-.4 2.741H7.5V5.091c-.91-.03-1.783-.145-2.591-.332M8.5 5.09V7.5h2.99a12.3 12.3 0 0 0-.399-2.741c-.808.187-1.681.301-2.591.332zM4.51 8.5c.035.987.176 1.914.399 2.741A13.6 13.6 0 0 1 7.5 10.91V8.5zm3.99 0v2.409c.91.03 1.783.145 2.591.332.223-.827.364-1.754.4-2.741zm-3.282 3.696q.18.469.395.872c.552 1.035 1.218 1.65 1.887 1.855V11.91c-.81.03-1.577.13-2.282.287zm.11 2.276a7 7 0 0 1-.598-.933 9 9 0 0 1-.481-1.079 8.4 8.4 0 0 0-1.198.49 7 7 0 0 0 2.276 1.522zm-1.383-2.964A13.4 13.4 0 0 1 3.508 8.5h-2.49a6.96 6.96 0 0 0 1.362 3.675c.47-.258.995-.482 1.565-.667m6.728 2.964a7 7 0 0 0 2.275-1.521 8.4 8.4 0 0 0-1.197-.49 9 9 0 0 1-.481 1.078 7 7 0 0 1-.597.933M8.5 11.909v3.014c.67-.204 1.335-.82 1.887-1.855q.216-.403.395-.872A12.6 12.6 0 0 0 8.5 11.91zm3.555-.401c.57.185 1.095.409 1.565.667A6.96 6.96 0 0 0 14.982 8.5h-2.49a13.4 13.4 0 0 1-.437 3.008M14.982 7.5a6.96 6.96 0 0 0-1.362-3.675c-.47.258-.995.482-1.565.667.248.92.4 1.938.437 3.008zM11.27 2.461q.266.502.482 1.078a8.4 8.4 0 0 0 1.196-.49 7 7 0 0 0-2.275-1.52c.218.283.418.597.597.932m-.488 1.343a8 8 0 0 0-.395-.872C9.835 1.897 9.17 1.282 8.5 1.077V4.09c.81-.03 1.577-.13 2.282-.287z\"><\/path> <\/svg><\/span><span class=\"gb-headline-text\"><span class=\"gb-headline-text\"><a title=\"www.sumacontent.com\" href=\"http:\/\/www.sumacontent.com\" target=\"_blank\" rel=\"noopener nofollow\">Suma Content<\/a><\/span><\/span><\/p>\n\n<\/div><\/div>\n\n<div class=\"gb-grid-column gb-grid-column-0c851b05\"><div class=\"gb-container gb-container-0c851b05\">\n\n<figure class=\"wp-block-image size-full\"><img loading=\"lazy\" decoding=\"async\" width=\"700\" height=\"933\" src=\"https:\/\/www.edav.es\/wp-content\/uploads\/2025\/06\/One-to-one-Lorena-Torres-The-fly-hunter-.jpg\" alt=\"Lorena Torres\" class=\"wp-image-11780\" srcset=\"https:\/\/www.edav.es\/wp-content\/uploads\/2025\/06\/One-to-one-Lorena-Torres-The-fly-hunter-.jpg 700w, https:\/\/www.edav.es\/wp-content\/uploads\/2025\/06\/One-to-one-Lorena-Torres-The-fly-hunter--225x300.jpg 225w\" sizes=\"auto, (max-width: 700px) 100vw, 700px\" \/><\/figure>\n\n<\/div><\/div>\n\n<div class=\"gb-grid-column gb-grid-column-13e579d5\"><div class=\"gb-container gb-container-13e579d5\">\n\n<h2 class=\"gb-headline gb-headline-1e2acbb3 gb-headline-text\">Lorena Torres<\/h2>\n\n\n\n<p class=\"gb-headline gb-headline-33891877 gb-headline-text\">Productora<\/p>\n\n\n\n<p>Licenciada en Historia del Arte y t\u00e9cnico superior de imagen y sonido, ha trabajado en los departamentos de c\u00e1mara y producci\u00f3n desde el 2005.<\/p>\n\n\n\n<p>En 2015 se incorpora como productora ejecutiva a la compa\u00f1\u00eda de producci\u00f3n <strong>The Fly Hunter<\/strong> de la que es cofundadora. Desde entonces he producido TV, documental y ficci\u00f3n que se puede ver en plataformas y televisiones como RTVE, PlayZ, AMC Network, \u00c0 Punt, 3Cat, Filmin o Netflix. <\/p>\n\n\n\n<p>En 2020 produje mi primer largometraje de ficci\u00f3n <em>Cosas que hacer antes de morir<\/em> con 4 premios Berlanga y 5 premios en el Festival Internacional de Alicante, a la que le han seguido las mini series <em>Llim<\/em> y <em>Dieciocho<\/em>, esta \u00faltima recibi\u00f3 la Menci\u00f3n especial del jurado <strong>Prix Europa<\/strong> y fue galardonada en <strong>Serializados Fest 2024<\/strong> como el mejor casting. Mis \u00faltimas producciones han sido los largometrajes <em>Campamento Garra de Oso<\/em> y <em>Cowgirl<\/em> que ahora mismo se encuentran pendientes de estreno.  <\/p>\n\n\n\n<p class=\"gb-headline gb-headline-1c7a6d35\"><span class=\"gb-icon\"><svg xmlns=\"http:\/\/www.w3.org\/2000\/svg\" aria-hidden=\"true\" role=\"img\" height=\"1em\" width=\"1em\" viewbox=\"0 0 448 512\"><path fill=\"currentColor\" d=\"M224.1 141c-63.6 0-114.9 51.3-114.9 114.9s51.3 114.9 114.9 114.9S339 319.5 339 255.9 287.7 141 224.1 141zm0 189.6c-41.1 0-74.7-33.5-74.7-74.7s33.5-74.7 74.7-74.7 74.7 33.5 74.7 74.7-33.6 74.7-74.7 74.7zm146.4-194.3c0 14.9-12 26.8-26.8 26.8-14.9 0-26.8-12-26.8-26.8s12-26.8 26.8-26.8 26.8 12 26.8 26.8zm76.1 27.2c-1.7-35.9-9.9-67.7-36.2-93.9-26.2-26.2-58-34.4-93.9-36.2-37-2.1-147.9-2.1-184.9 0-35.8 1.7-67.6 9.9-93.9 36.1s-34.4 58-36.2 93.9c-2.1 37-2.1 147.9 0 184.9 1.7 35.9 9.9 67.7 36.2 93.9s58 34.4 93.9 36.2c37 2.1 147.9 2.1 184.9 0 35.9-1.7 67.7-9.9 93.9-36.2 26.2-26.2 34.4-58 36.2-93.9 2.1-37 2.1-147.8 0-184.8zM398.8 388c-7.8 19.6-22.9 34.7-42.6 42.6-29.5 11.7-99.5 9-132.1 9s-102.7 2.6-132.1-9c-19.6-7.8-34.7-22.9-42.6-42.6-11.7-29.5-9-99.5-9-132.1s-2.6-102.7 9-132.1c7.8-19.6 22.9-34.7 42.6-42.6 29.5-11.7 99.5-9 132.1-9s102.7-2.6 132.1 9c19.6 7.8 34.7 22.9 42.6 42.6 11.7 29.5 9 99.5 9 132.1s2.7 102.7-9 132.1z\"><\/path><\/svg><\/span><span class=\"gb-headline-text\"><span class=\"gb-headline-text\"><a title=\"\" href=\"https:\/\/www.instagram.com\/lotopas\" target=\"_blank\" rel=\"noopener nofollow\">@lotopas<\/a><\/span><\/span><\/p>\n\n\n\n<h3 class=\"gb-headline gb-headline-46660573 gb-headline-text\">The Fly Hunter<\/h3>\n\n\n\n<p>Desde <strong>The Fly Hunter<\/strong> producimos ficci\u00f3n, documental y el entretenimiento. Nuestros proyectos pueden verse en plataformas y televisiones como AMC Networks, RTVE, Netflix, Filmin, \u00c0 Punt o 3 Cat. <\/p>\n\n\n\n<p>De nuestros proyectos de ficci\u00f3n destacamos el largometraje <em>Cosas que hacer antes de morir<\/em> con 4 premios Berlanga y 5 premios en el Festival Internacional de Alicante, al que le han seguido las miniseries <em>Llim<\/em> y <em>Dieciocho<\/em>. Esta \u00faltima ha recibido la <strong>Menci\u00f3n Especial del jurado Prix Europa<\/strong> y fue premiada como <strong>mejor casting en Serializados Fest 2024<\/strong> entre muchas otras menciones. <\/p>\n\n\n\n<p>Este a\u00f1o ha producido los largometrajes de ficci\u00f3n <em>Campamento Garra de Oso<\/em> y <em>Cowgirl<\/em>.<\/p>\n\n\n\n<p class=\"gb-headline gb-headline-7e6d7d68\"><span class=\"gb-icon\"><svg xmlns=\"http:\/\/www.w3.org\/2000\/svg\" aria-hidden=\"true\" role=\"img\" height=\"1em\" width=\"1em\" viewbox=\"0 0 384 512\"><path fill=\"currentColor\" d=\"M172.268 501.67C26.97 291.031 0 269.413 0 192 0 85.961 85.961 0 192 0s192 85.961 192 192c0 77.413-26.97 99.031-172.268 309.67-9.535 13.774-29.93 13.773-39.464 0zM192 272c44.183 0 80-35.817 80-80s-35.817-80-80-80-80 35.817-80 80 35.817 80 80 80z\"><\/path><\/svg><\/span><span class=\"gb-headline-text\"><span class=\"gb-headline-text\">Val\u00e8ncia<\/span><\/span><\/p>\n\n\n\n<p class=\"gb-headline gb-headline-d598fafb\"><span class=\"gb-icon\"><svg xmlns=\"http:\/\/www.w3.org\/2000\/svg\" class=\"bi bi-globe2\" fill=\"currentColor\" height=\"16\" width=\"16\">   <path d=\"M0 8a8 8 0 1 1 16 0A8 8 0 0 1 0 8m7.5-6.923c-.67.204-1.335.82-1.887 1.855q-.215.403-.395.872c.705.157 1.472.257 2.282.287zM4.249 3.539q.214-.577.481-1.078a7 7 0 0 1 .597-.933A7 7 0 0 0 3.051 3.05q.544.277 1.198.49zM3.509 7.5c.036-1.07.188-2.087.436-3.008a9 9 0 0 1-1.565-.667A6.96 6.96 0 0 0 1.018 7.5zm1.4-2.741a12.3 12.3 0 0 0-.4 2.741H7.5V5.091c-.91-.03-1.783-.145-2.591-.332M8.5 5.09V7.5h2.99a12.3 12.3 0 0 0-.399-2.741c-.808.187-1.681.301-2.591.332zM4.51 8.5c.035.987.176 1.914.399 2.741A13.6 13.6 0 0 1 7.5 10.91V8.5zm3.99 0v2.409c.91.03 1.783.145 2.591.332.223-.827.364-1.754.4-2.741zm-3.282 3.696q.18.469.395.872c.552 1.035 1.218 1.65 1.887 1.855V11.91c-.81.03-1.577.13-2.282.287zm.11 2.276a7 7 0 0 1-.598-.933 9 9 0 0 1-.481-1.079 8.4 8.4 0 0 0-1.198.49 7 7 0 0 0 2.276 1.522zm-1.383-2.964A13.4 13.4 0 0 1 3.508 8.5h-2.49a6.96 6.96 0 0 0 1.362 3.675c.47-.258.995-.482 1.565-.667m6.728 2.964a7 7 0 0 0 2.275-1.521 8.4 8.4 0 0 0-1.197-.49 9 9 0 0 1-.481 1.078 7 7 0 0 1-.597.933M8.5 11.909v3.014c.67-.204 1.335-.82 1.887-1.855q.216-.403.395-.872A12.6 12.6 0 0 0 8.5 11.91zm3.555-.401c.57.185 1.095.409 1.565.667A6.96 6.96 0 0 0 14.982 8.5h-2.49a13.4 13.4 0 0 1-.437 3.008M14.982 7.5a6.96 6.96 0 0 0-1.362-3.675c-.47.258-.995.482-1.565.667.248.92.4 1.938.437 3.008zM11.27 2.461q.266.502.482 1.078a8.4 8.4 0 0 0 1.196-.49 7 7 0 0 0-2.275-1.52c.218.283.418.597.597.932m-.488 1.343a8 8 0 0 0-.395-.872C9.835 1.897 9.17 1.282 8.5 1.077V4.09c.81-.03 1.577-.13 2.282-.287z\"><\/path> <\/svg><\/span><span class=\"gb-headline-text\"><span class=\"gb-headline-text\"><a title=\"\" href=\"https:\/\/www.theflyhunter.es\" target=\"_blank\" rel=\"noopener nofollow\">The Fly Hunter<\/a><\/span><\/span><\/p>\n\n\n\n<p class=\"gb-headline gb-headline-a70aac71\"><span class=\"gb-icon\"><svg xmlns=\"http:\/\/www.w3.org\/2000\/svg\" aria-hidden=\"true\" role=\"img\" height=\"1em\" width=\"1em\" viewbox=\"0 0 448 512\"><path fill=\"currentColor\" d=\"M224.1 141c-63.6 0-114.9 51.3-114.9 114.9s51.3 114.9 114.9 114.9S339 319.5 339 255.9 287.7 141 224.1 141zm0 189.6c-41.1 0-74.7-33.5-74.7-74.7s33.5-74.7 74.7-74.7 74.7 33.5 74.7 74.7-33.6 74.7-74.7 74.7zm146.4-194.3c0 14.9-12 26.8-26.8 26.8-14.9 0-26.8-12-26.8-26.8s12-26.8 26.8-26.8 26.8 12 26.8 26.8zm76.1 27.2c-1.7-35.9-9.9-67.7-36.2-93.9-26.2-26.2-58-34.4-93.9-36.2-37-2.1-147.9-2.1-184.9 0-35.8 1.7-67.6 9.9-93.9 36.1s-34.4 58-36.2 93.9c-2.1 37-2.1 147.9 0 184.9 1.7 35.9 9.9 67.7 36.2 93.9s58 34.4 93.9 36.2c37 2.1 147.9 2.1 184.9 0 35.9-1.7 67.7-9.9 93.9-36.2 26.2-26.2 34.4-58 36.2-93.9 2.1-37 2.1-147.8 0-184.8zM398.8 388c-7.8 19.6-22.9 34.7-42.6 42.6-29.5 11.7-99.5 9-132.1 9s-102.7 2.6-132.1-9c-19.6-7.8-34.7-22.9-42.6-42.6-11.7-29.5-9-99.5-9-132.1s-2.6-102.7 9-132.1c7.8-19.6 22.9-34.7 42.6-42.6 29.5-11.7 99.5-9 132.1-9s102.7-2.6 132.1 9c19.6 7.8 34.7 22.9 42.6 42.6 11.7 29.5 9 99.5 9 132.1s2.7 102.7-9 132.1z\"><\/path><\/svg><\/span><span class=\"gb-headline-text\"><span class=\"gb-headline-text\"><a title=\"\" href=\"https:\/\/www.instagram.com\/theflyhunter\" target=\"_blank\" rel=\"noopener nofollow\">@theflyhunter<\/a><\/span><\/span><\/p>\n\n<\/div><\/div>\n\n<div class=\"gb-grid-column gb-grid-column-086e6d28\"><div class=\"gb-container gb-container-086e6d28\">\n\n<figure class=\"wp-block-image size-full\"><img loading=\"lazy\" decoding=\"async\" width=\"700\" height=\"600\" src=\"https:\/\/www.edav.es\/wp-content\/uploads\/2025\/06\/One-to-one-Ana-Camacho-Turanga-Films.jpg\" alt=\"Ana Camacho\" class=\"wp-image-11784\" srcset=\"https:\/\/www.edav.es\/wp-content\/uploads\/2025\/06\/One-to-one-Ana-Camacho-Turanga-Films.jpg 700w, https:\/\/www.edav.es\/wp-content\/uploads\/2025\/06\/One-to-one-Ana-Camacho-Turanga-Films-300x257.jpg 300w\" sizes=\"auto, (max-width: 700px) 100vw, 700px\" \/><\/figure>\n\n<\/div><\/div>\n\n<div class=\"gb-grid-column gb-grid-column-acce2939\"><div class=\"gb-container gb-container-acce2939\">\n\n<h2 class=\"gb-headline gb-headline-0d25da09 gb-headline-text\">Ana Camacho<\/h2>\n\n\n\n<p class=\"gb-headline gb-headline-3511b106 gb-headline-text\">Socia-productora<\/p>\n\n\n\n<p>Ana Camacho es productora y productora ejecutiva desde 2012, con experiencia en ficci\u00f3n, documental y animaci\u00f3n. Ha colaborado con productoras como <strong>Inicia Films<\/strong>, <strong>Tandem Films<\/strong>, <strong>Castelao Pictures<\/strong>, <strong>Ikiru Films<\/strong>, y desde 2022 es socia en <strong>Turanga Films<\/strong>. Sus proyectos han contado con el respaldo de plataformas como RTVE, Movistar+, HBOMax, A3Media, Disney+ y Netflix, as\u00ed como con ayudas del ICAA, ICEC e IVC.  <\/p>\n\n\n\n<p>Entre sus trabajos destacan <em>La Innoc\u00e8ncia<\/em> de Luc\u00eda Alemany, <em>Nosotros no nos mataremos con pistolas<\/em> de Mar\u00eda Ripoll, <em>Kepler Sexto B<\/em> con Karra Elejalde, <em>Rol &amp; Rol<\/em> de Chus Guti\u00e9rrez o las series <em>Superthings<\/em> y <em>Turu y los Turulecos<\/em>. Actualmente se encuentra en postproducci\u00f3n <em>La cena <\/em>de Manuel G\u00f3mez Pereira, y en fase de desarrollo <em>Afro<\/em> de Beatriz Mbula, <em>Bypass<\/em> de Luc\u00eda Casa\u00f1 o <em>Los seres queridos<\/em> de Judith Colell. <\/p>\n\n\n\n<p>Es miembro de la Academia de Cine Espa\u00f1ola, la Academia Audiovisual Valenciana, AVANT-PROA, AECINE y APPA.<\/p>\n\n\n\n<p class=\"gb-headline gb-headline-0def3fce\"><span class=\"gb-icon\"><svg xmlns=\"http:\/\/www.w3.org\/2000\/svg\" aria-hidden=\"true\" role=\"img\" height=\"1em\" width=\"1em\" viewbox=\"0 0 448 512\"><path fill=\"currentColor\" d=\"M224.1 141c-63.6 0-114.9 51.3-114.9 114.9s51.3 114.9 114.9 114.9S339 319.5 339 255.9 287.7 141 224.1 141zm0 189.6c-41.1 0-74.7-33.5-74.7-74.7s33.5-74.7 74.7-74.7 74.7 33.5 74.7 74.7-33.6 74.7-74.7 74.7zm146.4-194.3c0 14.9-12 26.8-26.8 26.8-14.9 0-26.8-12-26.8-26.8s12-26.8 26.8-26.8 26.8 12 26.8 26.8zm76.1 27.2c-1.7-35.9-9.9-67.7-36.2-93.9-26.2-26.2-58-34.4-93.9-36.2-37-2.1-147.9-2.1-184.9 0-35.8 1.7-67.6 9.9-93.9 36.1s-34.4 58-36.2 93.9c-2.1 37-2.1 147.9 0 184.9 1.7 35.9 9.9 67.7 36.2 93.9s58 34.4 93.9 36.2c37 2.1 147.9 2.1 184.9 0 35.9-1.7 67.7-9.9 93.9-36.2 26.2-26.2 34.4-58 36.2-93.9 2.1-37 2.1-147.8 0-184.8zM398.8 388c-7.8 19.6-22.9 34.7-42.6 42.6-29.5 11.7-99.5 9-132.1 9s-102.7 2.6-132.1-9c-19.6-7.8-34.7-22.9-42.6-42.6-11.7-29.5-9-99.5-9-132.1s-2.6-102.7 9-132.1c7.8-19.6 22.9-34.7 42.6-42.6 29.5-11.7 99.5-9 132.1-9s102.7-2.6 132.1 9c19.6 7.8 34.7 22.9 42.6 42.6 11.7 29.5 9 99.5 9 132.1s2.7 102.7-9 132.1z\"><\/path><\/svg><\/span><span class=\"gb-headline-text\"><span class=\"gb-headline-text\"><a title=\"\" href=\"https:\/\/www.instagram.com\/ana_producer\" target=\"_blank\" rel=\"noopener nofollow\">@ana_producer<\/a><\/span><\/span><\/p>\n\n\n\n<h3 class=\"gb-headline gb-headline-af5dbf56 gb-headline-text\">Turanga Films<\/h3>\n\n\n\n<p><strong>TURANGA FILMS<\/strong> es una productora de cine independiente con sede en Madrid y Valencia, especializada en pel\u00edculas con vocaci\u00f3n internacional. Fundada por Lina Badenes en 2012, la compa\u00f1\u00eda apuesta por proyectos que combinan el entretenimiento con tem\u00e1ticas de relevancia social y cultural. <\/p>\n\n\n\n<p>A lo largo de su trayectoria, <strong>Turanga<\/strong> ha producido m\u00e1s de 20 t\u00edtulos que han recorrido los cinco continentes, siendo seleccionados en centenares de festivales internacionales, premiados en m\u00faltiples ocasiones y distribuidos en decenas de pa\u00edses.<\/p>\n\n\n\n<p>En 2022 se incorpora como socia y productora <strong>Ana Camacho<\/strong>, consolidando el crecimiento y la proyecci\u00f3n de la empresa.<\/p>\n\n\n\n<p class=\"gb-headline gb-headline-8f91af6e\"><span class=\"gb-icon\"><svg xmlns=\"http:\/\/www.w3.org\/2000\/svg\" aria-hidden=\"true\" role=\"img\" height=\"1em\" width=\"1em\" viewbox=\"0 0 384 512\"><path fill=\"currentColor\" d=\"M172.268 501.67C26.97 291.031 0 269.413 0 192 0 85.961 85.961 0 192 0s192 85.961 192 192c0 77.413-26.97 99.031-172.268 309.67-9.535 13.774-29.93 13.773-39.464 0zM192 272c44.183 0 80-35.817 80-80s-35.817-80-80-80-80 35.817-80 80 35.817 80 80 80z\"><\/path><\/svg><\/span><span class=\"gb-headline-text\"><span class=\"gb-headline-text\">Val\u00e8ncia &#8211; Madrid<\/span><\/span><\/p>\n\n\n\n<p class=\"gb-headline gb-headline-241d5db5\"><span class=\"gb-icon\"><svg xmlns=\"http:\/\/www.w3.org\/2000\/svg\" class=\"bi bi-globe2\" fill=\"currentColor\" height=\"16\" width=\"16\">   <path d=\"M0 8a8 8 0 1 1 16 0A8 8 0 0 1 0 8m7.5-6.923c-.67.204-1.335.82-1.887 1.855q-.215.403-.395.872c.705.157 1.472.257 2.282.287zM4.249 3.539q.214-.577.481-1.078a7 7 0 0 1 .597-.933A7 7 0 0 0 3.051 3.05q.544.277 1.198.49zM3.509 7.5c.036-1.07.188-2.087.436-3.008a9 9 0 0 1-1.565-.667A6.96 6.96 0 0 0 1.018 7.5zm1.4-2.741a12.3 12.3 0 0 0-.4 2.741H7.5V5.091c-.91-.03-1.783-.145-2.591-.332M8.5 5.09V7.5h2.99a12.3 12.3 0 0 0-.399-2.741c-.808.187-1.681.301-2.591.332zM4.51 8.5c.035.987.176 1.914.399 2.741A13.6 13.6 0 0 1 7.5 10.91V8.5zm3.99 0v2.409c.91.03 1.783.145 2.591.332.223-.827.364-1.754.4-2.741zm-3.282 3.696q.18.469.395.872c.552 1.035 1.218 1.65 1.887 1.855V11.91c-.81.03-1.577.13-2.282.287zm.11 2.276a7 7 0 0 1-.598-.933 9 9 0 0 1-.481-1.079 8.4 8.4 0 0 0-1.198.49 7 7 0 0 0 2.276 1.522zm-1.383-2.964A13.4 13.4 0 0 1 3.508 8.5h-2.49a6.96 6.96 0 0 0 1.362 3.675c.47-.258.995-.482 1.565-.667m6.728 2.964a7 7 0 0 0 2.275-1.521 8.4 8.4 0 0 0-1.197-.49 9 9 0 0 1-.481 1.078 7 7 0 0 1-.597.933M8.5 11.909v3.014c.67-.204 1.335-.82 1.887-1.855q.216-.403.395-.872A12.6 12.6 0 0 0 8.5 11.91zm3.555-.401c.57.185 1.095.409 1.565.667A6.96 6.96 0 0 0 14.982 8.5h-2.49a13.4 13.4 0 0 1-.437 3.008M14.982 7.5a6.96 6.96 0 0 0-1.362-3.675c-.47.258-.995.482-1.565.667.248.92.4 1.938.437 3.008zM11.27 2.461q.266.502.482 1.078a8.4 8.4 0 0 0 1.196-.49 7 7 0 0 0-2.275-1.52c.218.283.418.597.597.932m-.488 1.343a8 8 0 0 0-.395-.872C9.835 1.897 9.17 1.282 8.5 1.077V4.09c.81-.03 1.577-.13 2.282-.287z\"><\/path> <\/svg><\/span><span class=\"gb-headline-text\"><span class=\"gb-headline-text\"><a title=\"\" href=\"https:\/\/www.turangafilms.com\" target=\"_blank\" rel=\"noopener nofollow\">Turanga Films<\/a><\/span><\/span><\/p>\n\n<\/div><\/div>\n\n<div class=\"gb-grid-column gb-grid-column-c29accb0\"><div class=\"gb-container gb-container-c29accb0\">\n\n<figure class=\"wp-block-image size-full\"><img loading=\"lazy\" decoding=\"async\" width=\"700\" height=\"979\" src=\"https:\/\/www.edav.es\/wp-content\/uploads\/2025\/06\/One-to-one-Santi-Suarez-Baldris-Un-capricho-de-producciones.jpg\" alt=\"Santi Su&#xE1;rez Baldr&#xED;s\" class=\"wp-image-11788\" srcset=\"https:\/\/www.edav.es\/wp-content\/uploads\/2025\/06\/One-to-one-Santi-Suarez-Baldris-Un-capricho-de-producciones.jpg 700w, https:\/\/www.edav.es\/wp-content\/uploads\/2025\/06\/One-to-one-Santi-Suarez-Baldris-Un-capricho-de-producciones-215x300.jpg 215w\" sizes=\"auto, (max-width: 700px) 100vw, 700px\" \/><\/figure>\n\n<\/div><\/div>\n\n<div class=\"gb-grid-column gb-grid-column-bbaf0b22\"><div class=\"gb-container gb-container-bbaf0b22\">\n\n<h2 class=\"gb-headline gb-headline-8d8f2e68 gb-headline-text\">Santi Su\u00e1rez Baldr\u00eds<\/h2>\n\n\n\n<p class=\"gb-headline gb-headline-d744e381 gb-headline-text\">Socio fundador y jefe de contenidos<\/p>\n\n\n\n<p>Reus, 1970. Socio fundador y jefe de contenidos de <strong>Un Capricho de Producciones<\/strong>. <\/p>\n\n\n\n<p>Inici\u00f3 su carrera profesional en televisi\u00f3n, en programas como <em>La Tira<\/em>, <em>Buenafuente<\/em>, <em>Una Altra Cosa<\/em> o <em>A p\u00e8l<\/em>. Despu\u00e9s, dio el salto al cine, donde ha trabajado como guionista y productor. <\/p>\n\n\n\n<p>En 2024, debut\u00f3 en la direcci\u00f3n con el largometraje documental <em>In Memoriam Biel<\/em>, estrenado en el Festival Internacional de Cine Documental de Thessaloniki. Ha trabajado como productor en t\u00edtulos como <em>Canalla<\/em> (Jordi Sacristan, 2025), <em>Nosotros no nos mataremos con pistolas<\/em> (2022, Maria Ripoll), <em>Secaderos<\/em> (2021, Roc\u00edo Mesa) o <em>La Inocencia<\/em> (2019, Luc\u00eda Alemany). Tambi\u00e9n cre\u00f3 y produjo las series de TV <em>Kimeres<\/em> (2024) y <em>La Pell dels Murs<\/em> (\u2018La Piel de los Muros\u2019, 2022), galardonada con un premio europeo <strong>CIRCOM- Regional<\/strong> a mejor programa de M\u00fasica y Artes.  <\/p>\n\n\n\n<h3 class=\"gb-headline gb-headline-f257f358 gb-headline-text\">Un Capricho de Producciones<\/h3>\n\n\n\n<p><strong>Filmograf\u00eda de los \u00faltimos cinco a\u00f1os:<\/strong><\/p>\n\n\n\n<ul class=\"wp-block-list\">\n<li><em>The Nomad Shadow<\/em> (Eimi Imanishi, 2026, ficci\u00f3n) &#8211; Coproducci\u00f3n internacional.<\/li>\n\n\n\n<li><em>Un Altre Pare<\/em> (Mariona Guiu, 2025, documental) \u2013 Coproducci\u00f3n nacional. <em>Canalla<\/em> (Jordi Sacristan, 2025, docTV).<\/li>\n\n\n\n<li><em>Tan S\u00famamente ligero<\/em> (Santi Su\u00e1rez, 2025, corto documental).<\/li>\n\n\n\n<li><em>Kimeres<\/em> (DD.AA., 2024, serie de ficci\u00f3n, 3Cat).<\/li>\n\n\n\n<li><em>In Memoriam Biel<\/em> (Santi Su\u00e1rez, 2024, documental).<\/li>\n\n\n\n<li><em>Nosotros no nos mataremos con pistolas<\/em> (Maria Ripoll, 2022, ficci\u00f3n) \u2013 Coproducci\u00f3n nacional.<\/li>\n\n\n\n<li><em>Secaderos<\/em> (Roc\u00edo Mesa, 2021, ficci\u00f3n) \u2013 Coproducci\u00f3n nacional.<\/li>\n<\/ul>\n\n\n\n<p><strong>En preproducci\u00f3n:<\/strong><\/p>\n\n\n\n<ul class=\"wp-block-list\">\n<li><em>Castells de Ci\u00e8ncia<\/em> (Carles Cort\u00e8s, documental).<\/li>\n<\/ul>\n\n\n\n<p><strong>En desarrollo:<\/strong><\/p>\n\n\n\n<ul class=\"wp-block-list\">\n<li>Ortega. Las mil caras del genio (Santi Su\u00e1rez, documental). <\/li>\n\n\n\n<li><em>Intra Montes<\/em> (Alberto Diana, ficci\u00f3n) \u2013 Coproducci\u00f3n internacional.<\/li>\n<\/ul>\n\n\n\n<p class=\"gb-headline gb-headline-ff11f54d\"><span class=\"gb-icon\"><svg xmlns=\"http:\/\/www.w3.org\/2000\/svg\" aria-hidden=\"true\" role=\"img\" height=\"1em\" width=\"1em\" viewbox=\"0 0 384 512\"><path fill=\"currentColor\" d=\"M172.268 501.67C26.97 291.031 0 269.413 0 192 0 85.961 85.961 0 192 0s192 85.961 192 192c0 77.413-26.97 99.031-172.268 309.67-9.535 13.774-29.93 13.773-39.464 0zM192 272c44.183 0 80-35.817 80-80s-35.817-80-80-80-80 35.817-80 80 35.817 80 80 80z\"><\/path><\/svg><\/span><span class=\"gb-headline-text\"><span class=\"gb-headline-text\">Barcelona<\/span><\/span><\/p>\n\n\n\n<p class=\"gb-headline gb-headline-47cf3de8\"><span class=\"gb-icon\"><svg xmlns=\"http:\/\/www.w3.org\/2000\/svg\" class=\"bi bi-globe2\" fill=\"currentColor\" height=\"16\" width=\"16\">   <path d=\"M0 8a8 8 0 1 1 16 0A8 8 0 0 1 0 8m7.5-6.923c-.67.204-1.335.82-1.887 1.855q-.215.403-.395.872c.705.157 1.472.257 2.282.287zM4.249 3.539q.214-.577.481-1.078a7 7 0 0 1 .597-.933A7 7 0 0 0 3.051 3.05q.544.277 1.198.49zM3.509 7.5c.036-1.07.188-2.087.436-3.008a9 9 0 0 1-1.565-.667A6.96 6.96 0 0 0 1.018 7.5zm1.4-2.741a12.3 12.3 0 0 0-.4 2.741H7.5V5.091c-.91-.03-1.783-.145-2.591-.332M8.5 5.09V7.5h2.99a12.3 12.3 0 0 0-.399-2.741c-.808.187-1.681.301-2.591.332zM4.51 8.5c.035.987.176 1.914.399 2.741A13.6 13.6 0 0 1 7.5 10.91V8.5zm3.99 0v2.409c.91.03 1.783.145 2.591.332.223-.827.364-1.754.4-2.741zm-3.282 3.696q.18.469.395.872c.552 1.035 1.218 1.65 1.887 1.855V11.91c-.81.03-1.577.13-2.282.287zm.11 2.276a7 7 0 0 1-.598-.933 9 9 0 0 1-.481-1.079 8.4 8.4 0 0 0-1.198.49 7 7 0 0 0 2.276 1.522zm-1.383-2.964A13.4 13.4 0 0 1 3.508 8.5h-2.49a6.96 6.96 0 0 0 1.362 3.675c.47-.258.995-.482 1.565-.667m6.728 2.964a7 7 0 0 0 2.275-1.521 8.4 8.4 0 0 0-1.197-.49 9 9 0 0 1-.481 1.078 7 7 0 0 1-.597.933M8.5 11.909v3.014c.67-.204 1.335-.82 1.887-1.855q.216-.403.395-.872A12.6 12.6 0 0 0 8.5 11.91zm3.555-.401c.57.185 1.095.409 1.565.667A6.96 6.96 0 0 0 14.982 8.5h-2.49a13.4 13.4 0 0 1-.437 3.008M14.982 7.5a6.96 6.96 0 0 0-1.362-3.675c-.47.258-.995.482-1.565.667.248.92.4 1.938.437 3.008zM11.27 2.461q.266.502.482 1.078a8.4 8.4 0 0 0 1.196-.49 7 7 0 0 0-2.275-1.52c.218.283.418.597.597.932m-.488 1.343a8 8 0 0 0-.395-.872C9.835 1.897 9.17 1.282 8.5 1.077V4.09c.81-.03 1.577-.13 2.282-.287z\"><\/path> <\/svg><\/span><span class=\"gb-headline-text\"><span class=\"gb-headline-text\"><a title=\"\" href=\"http:\/\/www.uncaprichoproducciones.com\" target=\"_blank\" rel=\"noopener nofollow\">Un Capricho de Producciones<\/a><\/span><\/span><\/p>\n\n<\/div><\/div>\n\n<div class=\"gb-grid-column gb-grid-column-de329f69\"><div class=\"gb-container gb-container-de329f69\">\n\n<figure class=\"wp-block-image size-full\"><img loading=\"lazy\" decoding=\"async\" width=\"700\" height=\"927\" src=\"https:\/\/www.edav.es\/wp-content\/uploads\/2025\/06\/One-to-one-Marina-Martin-Laguna-Warner.jpg\" alt=\"Marina Mart&#xED;n Laguna\" class=\"wp-image-11797\" srcset=\"https:\/\/www.edav.es\/wp-content\/uploads\/2025\/06\/One-to-one-Marina-Martin-Laguna-Warner.jpg 700w, https:\/\/www.edav.es\/wp-content\/uploads\/2025\/06\/One-to-one-Marina-Martin-Laguna-Warner-227x300.jpg 227w\" sizes=\"auto, (max-width: 700px) 100vw, 700px\" \/><\/figure>\n\n<\/div><\/div>\n\n<div class=\"gb-grid-column gb-grid-column-cb3f2001\"><div class=\"gb-container gb-container-cb3f2001\">\n\n<h2 class=\"gb-headline gb-headline-0210d444 gb-headline-text\">Marina Mart\u00edn Laguna<\/h2>\n\n\n\n<p class=\"gb-headline gb-headline-f5cae810 gb-headline-text\">Coordinadora de desarrollo en Warner Bros Discovery<\/p>\n\n\n\n<p>Marina Mart\u00edn Laguna es guionista y analista de gui\u00f3n. Actualmente trabaja como Coordinadora de Desarrollo de Proyectos Cinematogr\u00e1ficos en producci\u00f3n local de Warner Bros. Discovery Espa\u00f1a, donde se encarga de supervisar la escritura de los proyectos en desarrollo. Estudi\u00f3 Periodismo y C. Audiovisual y la Diplomatura de Gui\u00f3n en la ECAM. Desde 2019 es una de las guionistas y productoras del podcast de ficci\u00f3n <em>Voces en la caja<\/em>, original de iVoox con m\u00e1s de 11.500 seguidores en la plataforma.    <\/p>\n\n\n\n<h3 class=\"gb-headline gb-headline-ea4679b7 gb-headline-text\">WARNER BROS. PICTURES <\/h3>\n\n\n\n<p>Warnes Bros Pictures ha apoyado y fomentado la industria cinematogr\u00e1fica espa\u00f1ola desde el a\u00f1o 2003, siendo part\u00edcipe de algunos de los mayores \u00e9xitos del cine espa\u00f1ol tanto en la taquilla como en lo que a premios y reconocimientos se refiere. Es responsable de la producci\u00f3n y distribuci\u00f3n de entre seis y ocho t\u00edtulos espa\u00f1oles al a\u00f1o, apostando por diversidad de g\u00e9neros, talentos consolidados y emergentes e impulsando la proyecci\u00f3n internacional de sus proyectos. Entre sus proyectos de mayor \u00e9xito destacan pel\u00edculas como <em>El Orfanato<\/em>, <em>Contratiempo<\/em>, <em>Lo Imposible<\/em>, <em>Palmeras en la nieve<\/em>, <em>Villaviciosa de al lado<\/em>, <em>La isla m\u00ednima<\/em> o <em>El Reino<\/em>.   <\/p>\n\n\n\n<p class=\"gb-headline gb-headline-6aa2e97f\"><span class=\"gb-icon\"><svg xmlns=\"http:\/\/www.w3.org\/2000\/svg\" aria-hidden=\"true\" role=\"img\" height=\"1em\" width=\"1em\" viewbox=\"0 0 384 512\"><path fill=\"currentColor\" d=\"M172.268 501.67C26.97 291.031 0 269.413 0 192 0 85.961 85.961 0 192 0s192 85.961 192 192c0 77.413-26.97 99.031-172.268 309.67-9.535 13.774-29.93 13.773-39.464 0zM192 272c44.183 0 80-35.817 80-80s-35.817-80-80-80-80 35.817-80 80 35.817 80 80 80z\"><\/path><\/svg><\/span><span class=\"gb-headline-text\"><span class=\"gb-headline-text\">Madrid<\/span><\/span><\/p>\n\n\n\n<p class=\"gb-headline gb-headline-761755b3\"><span class=\"gb-icon\"><svg xmlns=\"http:\/\/www.w3.org\/2000\/svg\" class=\"bi bi-globe2\" fill=\"currentColor\" height=\"16\" width=\"16\">   <path d=\"M0 8a8 8 0 1 1 16 0A8 8 0 0 1 0 8m7.5-6.923c-.67.204-1.335.82-1.887 1.855q-.215.403-.395.872c.705.157 1.472.257 2.282.287zM4.249 3.539q.214-.577.481-1.078a7 7 0 0 1 .597-.933A7 7 0 0 0 3.051 3.05q.544.277 1.198.49zM3.509 7.5c.036-1.07.188-2.087.436-3.008a9 9 0 0 1-1.565-.667A6.96 6.96 0 0 0 1.018 7.5zm1.4-2.741a12.3 12.3 0 0 0-.4 2.741H7.5V5.091c-.91-.03-1.783-.145-2.591-.332M8.5 5.09V7.5h2.99a12.3 12.3 0 0 0-.399-2.741c-.808.187-1.681.301-2.591.332zM4.51 8.5c.035.987.176 1.914.399 2.741A13.6 13.6 0 0 1 7.5 10.91V8.5zm3.99 0v2.409c.91.03 1.783.145 2.591.332.223-.827.364-1.754.4-2.741zm-3.282 3.696q.18.469.395.872c.552 1.035 1.218 1.65 1.887 1.855V11.91c-.81.03-1.577.13-2.282.287zm.11 2.276a7 7 0 0 1-.598-.933 9 9 0 0 1-.481-1.079 8.4 8.4 0 0 0-1.198.49 7 7 0 0 0 2.276 1.522zm-1.383-2.964A13.4 13.4 0 0 1 3.508 8.5h-2.49a6.96 6.96 0 0 0 1.362 3.675c.47-.258.995-.482 1.565-.667m6.728 2.964a7 7 0 0 0 2.275-1.521 8.4 8.4 0 0 0-1.197-.49 9 9 0 0 1-.481 1.078 7 7 0 0 1-.597.933M8.5 11.909v3.014c.67-.204 1.335-.82 1.887-1.855q.216-.403.395-.872A12.6 12.6 0 0 0 8.5 11.91zm3.555-.401c.57.185 1.095.409 1.565.667A6.96 6.96 0 0 0 14.982 8.5h-2.49a13.4 13.4 0 0 1-.437 3.008M14.982 7.5a6.96 6.96 0 0 0-1.362-3.675c-.47.258-.995.482-1.565.667.248.92.4 1.938.437 3.008zM11.27 2.461q.266.502.482 1.078a8.4 8.4 0 0 0 1.196-.49 7 7 0 0 0-2.275-1.52c.218.283.418.597.597.932m-.488 1.343a8 8 0 0 0-.395-.872C9.835 1.897 9.17 1.282 8.5 1.077V4.09c.81-.03 1.577-.13 2.282-.287z\"><\/path> <\/svg><\/span><span class=\"gb-headline-text\"><span class=\"gb-headline-text\"><a title=\"\" href=\"https:\/\/www.warnerbros.es\/\" target=\"_blank\" rel=\"noopener nofollow\">WARNER BROS. PICTURES <\/a><\/span><\/span><\/p>\n\n<\/div><\/div>\n<\/div>","protected":false},"excerpt":{"rendered":"<p>En esta edici\u00f3n del One to One ya tenemos la confirmaci\u00f3n de los ejecutivos de televisiones y productores del Estado Espa\u00f1ol que participar\u00e1n en el pitch y las reuniones uno a uno para conocer proyectos en desarrollo. En esta secci\u00f3n encontrar\u00e1s toda la informaci\u00f3n relevante sobre cada una de las productoras participantes, as\u00ed como de &#8230; <a title=\"EVENTO ONE TO ONE XI EDICI\u00d3N\" class=\"read-more\" href=\"https:\/\/www.edav.es\/es\/evento-one-to-one-xi-edicion\/\" aria-label=\"Leer m\u00e1s sobre EVENTO ONE TO ONE XI EDICI\u00d3N\">Leer m\u00e1s<\/a><\/p>\n","protected":false},"author":205,"featured_media":0,"parent":0,"menu_order":0,"comment_status":"closed","ping_status":"closed","template":"","meta":{"_acf_changed":false,"generate_page_header":"","footnotes":""},"class_list":{"0":"post-11755","1":"page","2":"type-page","3":"status-publish","5":"infinite-scroll-item"},"acf":[],"aioseo_notices":[],"_links":{"self":[{"href":"https:\/\/www.edav.es\/es\/wp-json\/wp\/v2\/pages\/11755","targetHints":{"allow":["GET"]}}],"collection":[{"href":"https:\/\/www.edav.es\/es\/wp-json\/wp\/v2\/pages"}],"about":[{"href":"https:\/\/www.edav.es\/es\/wp-json\/wp\/v2\/types\/page"}],"author":[{"embeddable":true,"href":"https:\/\/www.edav.es\/es\/wp-json\/wp\/v2\/users\/205"}],"replies":[{"embeddable":true,"href":"https:\/\/www.edav.es\/es\/wp-json\/wp\/v2\/comments?post=11755"}],"version-history":[{"count":41,"href":"https:\/\/www.edav.es\/es\/wp-json\/wp\/v2\/pages\/11755\/revisions"}],"predecessor-version":[{"id":11862,"href":"https:\/\/www.edav.es\/es\/wp-json\/wp\/v2\/pages\/11755\/revisions\/11862"}],"wp:attachment":[{"href":"https:\/\/www.edav.es\/es\/wp-json\/wp\/v2\/media?parent=11755"}],"curies":[{"name":"wp","href":"https:\/\/api.w.org\/{rel}","templated":true}]}}